{"id":1024,"date":"2019-09-01T18:11:47","date_gmt":"2019-09-01T18:11:47","guid":{"rendered":"https:\/\/matratzenland-suedtirol.com\/?page_id=1024"},"modified":"2025-08-05T14:23:20","modified_gmt":"2025-08-05T12:23:20","slug":"reti","status":"publish","type":"page","link":"https:\/\/matratzenland-suedtirol.com\/it\/reti\/","title":{"rendered":"Reti \/ SimplyBed"},"content":{"rendered":"<p><div class=\"fusion-fullwidth fullwidth-box fusion-builder-row-1 hundred-percent-fullwidth non-hundred-percent-height-scrolling fusion-equal-height-columns\" style=\"--awb-background-position:left top;--awb-border-sizes-top:0px;--awb-border-sizes-bottom:0px;--awb-border-sizes-left:0px;--awb-border-sizes-right:0px;--awb-border-radius-top-left:0px;--awb-border-radius-top-right:0px;--awb-border-radius-bottom-right:0px;--awb-border-radius-bottom-left:0px;--awb-padding-right:0px;--awb-padding-bottom:0px;--awb-padding-left:0px;--awb-margin-top:-100px;\" ><div class=\"fusion-builder-row fusion-row\"><div class=\"fusion-layout-column fusion_builder_column fusion-builder-column-0 fusion_builder_column_1_1 1_1 fusion-one-full fusion-column-first fusion-column-last\" style=\"--awb-padding-top:20px;--awb-padding-right:10%;--awb-padding-bottom:70px;--awb-padding-left:10%;--awb-bg-size:cover;--awb-margin-top:0px;--awb-margin-bottom:0px;\"><div class=\"fusion-column-wrapper fusion-column-has-shadow fusion-flex-column-wrapper-legacy\"><div class=\"fusion-text fusion-text-1\"><h3 style=\"text-align: center;\">Qualit\u00e0 e sostenibilit\u00e0<\/h3>\n<\/div><div class=\"fusion-sep-clear\"><\/div><div class=\"fusion-separator fusion-has-icon fusion-full-width-sep\" style=\"margin-left: auto;margin-right: auto;margin-top:3%;margin-bottom:30px;width:100%;\"><div class=\"fusion-separator-border sep-single sep-solid\" style=\"--awb-height:20px;--awb-amount:20px;--awb-sep-color:#a98a72;border-color:#a98a72;border-top-width:1px;\"><\/div><span class=\"icon-wrapper\" style=\"border-color:transparent;font-size:18px;width: 1.75em; height: 1.75em;border-width:1px;padding:1px;margin-top:-0.5px\"><i class=\"fa-pagelines fab\" style=\"font-size: inherit;color:#a98a72;\" aria-hidden=\"true\"><\/i><\/span><div class=\"fusion-separator-border sep-single sep-solid\" style=\"--awb-height:20px;--awb-amount:20px;--awb-sep-color:#a98a72;border-color:#a98a72;border-top-width:1px;\"><\/div><\/div><div class=\"fusion-sep-clear\"><\/div><div class=\"fusion-builder-row fusion-builder-row-inner fusion-row\"><div class=\"fusion-layout-column fusion_builder_column_inner fusion-builder-nested-column-0 fusion_builder_column_inner_1_2 1_2 fusion-one-half fusion-column-first\" style=\"--awb-bg-size:cover;width:50%;width:calc(50% - ( ( 4% ) * 0.5 ) );margin-right: 4%;\"><div class=\"fusion-column-wrapper fusion-column-has-shadow fusion-flex-column-wrapper-legacy\"><div class=\"fusion-column-content-centered\"><div class=\"fusion-column-content\"><div class=\"fusion-text fusion-text-2\"><p style=\"text-align: justify;\">Materiali di prima scelta, lavorazioni attente ai dettagli e rispetto della natura: su questi tre pilastri si fonda la filosofia della qualit\u00e0 e della sostenibilit\u00e0 di Ergogreen, che non solo vuole dare ai propri clienti prodotti d&#8217;eccellenza, ma vuole farlo anche proteggendo l&#8217;ambiente. Ecco perch\u00e9 le reti Ergogreen sono realizzate con multistrato di faggio proveniente da foreste certificate FSC con obbligo di riforestazione e con materiali riciclabili. Sostenibilit\u00e0 significa per\u00f2 anche attenzione alla salute: per questo le reti Ergogreen rispettano il tuo sonno grazie all&#8217;assenza di campi elettromagnetici, ai materiali e alle finiture atossiche e all&#8217;utilizzo di sole colle in categoria E1 a bassa emissione di formaldeide.<\/p>\n<\/div><\/div><\/div><div class=\"fusion-clearfix\"><\/div><\/div><\/div><div class=\"fusion-layout-column fusion_builder_column_inner fusion-builder-nested-column-1 fusion_builder_column_inner_1_2 1_2 fusion-one-half fusion-column-last\" style=\"--awb-bg-size:cover;width:50%;width:calc(50% - ( ( 4% ) * 0.5 ) );\"><div class=\"fusion-column-wrapper fusion-column-has-shadow fusion-flex-column-wrapper-legacy\"><div class=\"fusion-column-content-centered\"><div class=\"fusion-column-content\"><div class=\"fusion-image-element fusion-image-align-center in-legacy-container\" style=\"text-align:center;--awb-caption-title-font-family:var(--h2_typography-font-family);--awb-caption-title-font-weight:var(--h2_typography-font-weight);--awb-caption-title-font-style:var(--h2_typography-font-style);--awb-caption-title-size:var(--h2_typography-font-size);--awb-caption-title-transform:var(--h2_typography-text-transform);--awb-caption-title-line-height:var(--h2_typography-line-height);--awb-caption-title-letter-spacing:var(--h2_typography-letter-spacing);\"><div class=\"imageframe-align-center\"><span class=\" fusion-imageframe imageframe-none imageframe-1 hover-type-none\" class=\"image-magnify\" class=\"image-scroll\"><img decoding=\"async\" width=\"900\" height=\"551\" title=\"RetiPhoto1\" src=\"https:\/\/matratzenland-suedtirol.com\/it\/wp-content\/uploads\/2019\/09\/RetiPhoto1.png\" data-orig-src=\"https:\/\/matratzenland-suedtirol.com\/it\/wp-content\/uploads\/2019\/09\/RetiPhoto1.png\" alt class=\"lazyload img-responsive wp-image-1531\" srcset=\"data:image\/svg+xml,%3Csvg%20xmlns%3D%27http%3A%2F%2Fwww.w3.org%2F2000%2Fsvg%27%20width%3D%27900%27%20height%3D%27551%27%20viewBox%3D%270%200%20900%20551%27%3E%3Crect%20width%3D%27900%27%20height%3D%27551%27%20fill-opacity%3D%220%22%2F%3E%3C%2Fsvg%3E\" data-srcset=\"https:\/\/matratzenland-suedtirol.com\/it\/wp-content\/uploads\/2019\/09\/RetiPhoto1-200x122.png 200w, https:\/\/matratzenland-suedtirol.com\/it\/wp-content\/uploads\/2019\/09\/RetiPhoto1-400x245.png 400w, https:\/\/matratzenland-suedtirol.com\/it\/wp-content\/uploads\/2019\/09\/RetiPhoto1-600x367.png 600w, https:\/\/matratzenland-suedtirol.com\/it\/wp-content\/uploads\/2019\/09\/RetiPhoto1-800x490.png 800w, https:\/\/matratzenland-suedtirol.com\/it\/wp-content\/uploads\/2019\/09\/RetiPhoto1.png 900w\" data-sizes=\"auto\" data-orig-sizes=\"(max-width: 1050px) 100vw, 600px\" \/><\/span><\/div><\/div><\/div><\/div><div class=\"fusion-clearfix\"><\/div><\/div><\/div><\/div><div class=\"fusion-clearfix\"><\/div><\/div><\/div><\/div><\/div><div class=\"fusion-fullwidth fullwidth-box fusion-builder-row-2 nonhundred-percent-fullwidth non-hundred-percent-height-scrolling fusion-equal-height-columns\" style=\"--awb-background-position:left top;--awb-border-sizes-top:0px;--awb-border-sizes-bottom:0px;--awb-border-sizes-left:0px;--awb-border-sizes-right:0px;--awb-border-radius-top-left:0px;--awb-border-radius-top-right:0px;--awb-border-radius-bottom-right:0px;--awb-border-radius-bottom-left:0px;--awb-padding-top:0px;--awb-padding-right:0px;--awb-padding-bottom:0px;--awb-padding-left:0px;--awb-background-color:#ffffff;\" ><div class=\"fusion-builder-row fusion-row\"><div class=\"fusion-layout-column fusion_builder_column fusion-builder-column-1 fusion_builder_column_1_2 1_2 fusion-one-half fusion-column-first fusion-animated\" style=\"--awb-padding-top:30px;--awb-padding-right:3%;--awb-padding-left:3%;--awb-bg-position:center center;--awb-bg-size:cover;--awb-margin-top:0px;--awb-margin-bottom:0px;\" data-animationType=\"fadeInLeft\" data-animationDuration=\"0.6\" data-animationOffset=\"top-into-view\"><div class=\"fusion-column-wrapper fusion-column-has-shadow fusion-flex-column-wrapper-legacy\"><div class=\"fusion-column-content-centered\"><div class=\"fusion-column-content\"><div class=\"fusion-aligncenter\"><a class=\"fusion-button button-flat fusion-button-default-size button-custom fusion-button-default button-1 fusion-button-default-span fusion-button-default-type cta-button\" style=\"--button_accent_color:#ffffff;--button_border_color:#ffffff;--button_accent_hover_color:#ffffff;--button_border_hover_color:#ffffff;--button_gradient_top_color:#795f46;--button_gradient_bottom_color:#795f46;--button_gradient_top_color_hover:#795f46;--button_gradient_bottom_color_hover:#795f46;\" target=\"_self\"><i class=\"fa-align-justify fas button-icon-left\" aria-hidden=\"true\"><\/i><span class=\"fusion-button-text\">MEDIFORM<\/span><\/a><\/div><div class=\"fusion-sep-clear\"><\/div><div class=\"fusion-separator fusion-full-width-sep\" style=\"margin-left: auto;margin-right: auto;margin-top:20px;width:100%;\"><\/div><div class=\"fusion-sep-clear\"><\/div><div class=\"fusion-slider-sc fusion-flexslider-loading flexslider flexslider-hover-type-none\" data-slideshow_autoplay=\"1\" data-slideshow_smooth_height=\"0\" data-slideshow_speed=\"7000\" style=\"max-width:100%;height:100%;\"><ul class=\"slides\"><li class=\"image\"><span class=\"lazyload fusion-image-hover-element hover-type-none\"><img decoding=\"async\" src=\"https:\/\/matratzenland-suedtirol.com\/it\/wp-content\/uploads\/2025\/08\/Mediform-1.jpg\" data-orig-src=\"https:\/\/matratzenland-suedtirol.com\/it\/wp-content\/uploads\/2025\/08\/Mediform-1.jpg\" width=\"900\" height=\"560\" class=\"lazyload wp-image-3399\" srcset=\"data:image\/svg+xml,%3Csvg%20xmlns%3D%27http%3A%2F%2Fwww.w3.org%2F2000%2Fsvg%27%20width%3D%27900%27%20height%3D%27560%27%20viewBox%3D%270%200%20900%20560%27%3E%3Crect%20width%3D%27900%27%20height%3D%27560%27%20fill-opacity%3D%220%22%2F%3E%3C%2Fsvg%3E\" data-srcset=\"https:\/\/matratzenland-suedtirol.com\/it\/wp-content\/uploads\/2025\/08\/Mediform-1-200x124.jpg 200w, https:\/\/matratzenland-suedtirol.com\/it\/wp-content\/uploads\/2025\/08\/Mediform-1-400x249.jpg 400w, https:\/\/matratzenland-suedtirol.com\/it\/wp-content\/uploads\/2025\/08\/Mediform-1-600x373.jpg 600w, https:\/\/matratzenland-suedtirol.com\/it\/wp-content\/uploads\/2025\/08\/Mediform-1-800x498.jpg 800w, https:\/\/matratzenland-suedtirol.com\/it\/wp-content\/uploads\/2025\/08\/Mediform-1.jpg 900w\" data-sizes=\"auto\" data-orig-sizes=\"(max-width: 1050px) 100vw, 600px\" \/><\/span><\/li><li class=\"image\"><span class=\"lazyload fusion-image-hover-element hover-type-none\"><img decoding=\"async\" src=\"https:\/\/matratzenland-suedtirol.com\/it\/wp-content\/uploads\/2025\/08\/Mediform-2.jpg\" data-orig-src=\"https:\/\/matratzenland-suedtirol.com\/it\/wp-content\/uploads\/2025\/08\/Mediform-2.jpg\" width=\"900\" height=\"560\" class=\"lazyload wp-image-3400\" srcset=\"data:image\/svg+xml,%3Csvg%20xmlns%3D%27http%3A%2F%2Fwww.w3.org%2F2000%2Fsvg%27%20width%3D%27900%27%20height%3D%27560%27%20viewBox%3D%270%200%20900%20560%27%3E%3Crect%20width%3D%27900%27%20height%3D%27560%27%20fill-opacity%3D%220%22%2F%3E%3C%2Fsvg%3E\" data-srcset=\"https:\/\/matratzenland-suedtirol.com\/it\/wp-content\/uploads\/2025\/08\/Mediform-2-200x124.jpg 200w, https:\/\/matratzenland-suedtirol.com\/it\/wp-content\/uploads\/2025\/08\/Mediform-2-400x249.jpg 400w, https:\/\/matratzenland-suedtirol.com\/it\/wp-content\/uploads\/2025\/08\/Mediform-2-600x373.jpg 600w, https:\/\/matratzenland-suedtirol.com\/it\/wp-content\/uploads\/2025\/08\/Mediform-2-800x498.jpg 800w, https:\/\/matratzenland-suedtirol.com\/it\/wp-content\/uploads\/2025\/08\/Mediform-2.jpg 900w\" data-sizes=\"auto\" data-orig-sizes=\"(max-width: 1050px) 100vw, 600px\" \/><\/span><\/li><li class=\"image\"><span class=\"lazyload fusion-image-hover-element hover-type-none\"><img decoding=\"async\" src=\"https:\/\/matratzenland-suedtirol.com\/it\/wp-content\/uploads\/2025\/08\/Mediform-3.jpg\" data-orig-src=\"https:\/\/matratzenland-suedtirol.com\/it\/wp-content\/uploads\/2025\/08\/Mediform-3.jpg\" width=\"900\" height=\"560\" class=\"lazyload wp-image-3402\" srcset=\"data:image\/svg+xml,%3Csvg%20xmlns%3D%27http%3A%2F%2Fwww.w3.org%2F2000%2Fsvg%27%20width%3D%27900%27%20height%3D%27560%27%20viewBox%3D%270%200%20900%20560%27%3E%3Crect%20width%3D%27900%27%20height%3D%27560%27%20fill-opacity%3D%220%22%2F%3E%3C%2Fsvg%3E\" data-srcset=\"https:\/\/matratzenland-suedtirol.com\/it\/wp-content\/uploads\/2025\/08\/Mediform-3-200x124.jpg 200w, https:\/\/matratzenland-suedtirol.com\/it\/wp-content\/uploads\/2025\/08\/Mediform-3-400x249.jpg 400w, https:\/\/matratzenland-suedtirol.com\/it\/wp-content\/uploads\/2025\/08\/Mediform-3-600x373.jpg 600w, https:\/\/matratzenland-suedtirol.com\/it\/wp-content\/uploads\/2025\/08\/Mediform-3-800x498.jpg 800w, https:\/\/matratzenland-suedtirol.com\/it\/wp-content\/uploads\/2025\/08\/Mediform-3.jpg 900w\" data-sizes=\"auto\" data-orig-sizes=\"(max-width: 1050px) 100vw, 600px\" \/><\/span><\/li><li class=\"image\"><span class=\"lazyload fusion-image-hover-element hover-type-none\"><img decoding=\"async\" src=\"https:\/\/matratzenland-suedtirol.com\/it\/wp-content\/uploads\/2025\/08\/Mediform-4.jpg\" data-orig-src=\"https:\/\/matratzenland-suedtirol.com\/it\/wp-content\/uploads\/2025\/08\/Mediform-4.jpg\" width=\"900\" height=\"560\" class=\"lazyload wp-image-3403\" srcset=\"data:image\/svg+xml,%3Csvg%20xmlns%3D%27http%3A%2F%2Fwww.w3.org%2F2000%2Fsvg%27%20width%3D%27900%27%20height%3D%27560%27%20viewBox%3D%270%200%20900%20560%27%3E%3Crect%20width%3D%27900%27%20height%3D%27560%27%20fill-opacity%3D%220%22%2F%3E%3C%2Fsvg%3E\" data-srcset=\"https:\/\/matratzenland-suedtirol.com\/it\/wp-content\/uploads\/2025\/08\/Mediform-4-200x124.jpg 200w, https:\/\/matratzenland-suedtirol.com\/it\/wp-content\/uploads\/2025\/08\/Mediform-4-400x249.jpg 400w, https:\/\/matratzenland-suedtirol.com\/it\/wp-content\/uploads\/2025\/08\/Mediform-4-600x373.jpg 600w, https:\/\/matratzenland-suedtirol.com\/it\/wp-content\/uploads\/2025\/08\/Mediform-4-800x498.jpg 800w, https:\/\/matratzenland-suedtirol.com\/it\/wp-content\/uploads\/2025\/08\/Mediform-4.jpg 900w\" data-sizes=\"auto\" data-orig-sizes=\"(max-width: 1050px) 100vw, 600px\" \/><\/span><\/li><li class=\"image\"><span class=\"lazyload fusion-image-hover-element hover-type-none\"><img decoding=\"async\" src=\"https:\/\/matratzenland-suedtirol.com\/it\/wp-content\/uploads\/2025\/08\/Mediform-5.jpg\" data-orig-src=\"https:\/\/matratzenland-suedtirol.com\/it\/wp-content\/uploads\/2025\/08\/Mediform-5.jpg\" width=\"900\" height=\"560\" class=\"lazyload wp-image-3404\" srcset=\"data:image\/svg+xml,%3Csvg%20xmlns%3D%27http%3A%2F%2Fwww.w3.org%2F2000%2Fsvg%27%20width%3D%27900%27%20height%3D%27560%27%20viewBox%3D%270%200%20900%20560%27%3E%3Crect%20width%3D%27900%27%20height%3D%27560%27%20fill-opacity%3D%220%22%2F%3E%3C%2Fsvg%3E\" data-srcset=\"https:\/\/matratzenland-suedtirol.com\/it\/wp-content\/uploads\/2025\/08\/Mediform-5-200x124.jpg 200w, https:\/\/matratzenland-suedtirol.com\/it\/wp-content\/uploads\/2025\/08\/Mediform-5-400x249.jpg 400w, https:\/\/matratzenland-suedtirol.com\/it\/wp-content\/uploads\/2025\/08\/Mediform-5-600x373.jpg 600w, https:\/\/matratzenland-suedtirol.com\/it\/wp-content\/uploads\/2025\/08\/Mediform-5-800x498.jpg 800w, https:\/\/matratzenland-suedtirol.com\/it\/wp-content\/uploads\/2025\/08\/Mediform-5.jpg 900w\" data-sizes=\"auto\" data-orig-sizes=\"(max-width: 1050px) 100vw, 600px\" \/><\/span><\/li><li class=\"image\"><span class=\"lazyload fusion-image-hover-element hover-type-none\"><img decoding=\"async\" src=\"https:\/\/matratzenland-suedtirol.com\/it\/wp-content\/uploads\/2025\/08\/Mediform-6.jpg\" data-orig-src=\"https:\/\/matratzenland-suedtirol.com\/it\/wp-content\/uploads\/2025\/08\/Mediform-6.jpg\" width=\"900\" height=\"560\" class=\"lazyload wp-image-3405\" srcset=\"data:image\/svg+xml,%3Csvg%20xmlns%3D%27http%3A%2F%2Fwww.w3.org%2F2000%2Fsvg%27%20width%3D%27900%27%20height%3D%27560%27%20viewBox%3D%270%200%20900%20560%27%3E%3Crect%20width%3D%27900%27%20height%3D%27560%27%20fill-opacity%3D%220%22%2F%3E%3C%2Fsvg%3E\" data-srcset=\"https:\/\/matratzenland-suedtirol.com\/it\/wp-content\/uploads\/2025\/08\/Mediform-6-200x124.jpg 200w, https:\/\/matratzenland-suedtirol.com\/it\/wp-content\/uploads\/2025\/08\/Mediform-6-400x249.jpg 400w, https:\/\/matratzenland-suedtirol.com\/it\/wp-content\/uploads\/2025\/08\/Mediform-6-600x373.jpg 600w, https:\/\/matratzenland-suedtirol.com\/it\/wp-content\/uploads\/2025\/08\/Mediform-6-800x498.jpg 800w, https:\/\/matratzenland-suedtirol.com\/it\/wp-content\/uploads\/2025\/08\/Mediform-6.jpg 900w\" data-sizes=\"auto\" data-orig-sizes=\"(max-width: 1050px) 100vw, 600px\" \/><\/span><\/li><\/ul><\/div><\/div><\/div><div class=\"fusion-clearfix\"><\/div><\/div><\/div><div class=\"fusion-layout-column fusion_builder_column fusion-builder-column-2 fusion_builder_column_1_2 1_2 fusion-one-half fusion-column-last fusion-animated\" style=\"--awb-padding-top:30px;--awb-padding-right:3%;--awb-padding-left:3%;--awb-bg-position:center center;--awb-bg-size:cover;--awb-margin-top:0px;--awb-margin-bottom:0px;\" data-animationType=\"fadeInLeft\" data-animationDuration=\"0.6\" data-animationOffset=\"top-into-view\"><div class=\"fusion-column-wrapper fusion-column-has-shadow fusion-flex-column-wrapper-legacy\"><div class=\"fusion-column-content-centered\"><div class=\"fusion-column-content\"><div class=\"fusion-aligncenter\"><a class=\"fusion-button button-flat fusion-button-default-size button-custom fusion-button-default button-2 fusion-button-default-span fusion-button-default-type cta-button\" style=\"--button_accent_color:#ffffff;--button_border_color:#ffffff;--button_accent_hover_color:#ffffff;--button_border_hover_color:#ffffff;--button_gradient_top_color:#795f46;--button_gradient_bottom_color:#795f46;--button_gradient_top_color_hover:#795f46;--button_gradient_bottom_color_hover:#795f46;\" target=\"_self\"><i class=\"fa-align-justify fas button-icon-left\" aria-hidden=\"true\"><\/i><span class=\"fusion-button-text\">Natura Zirbe<\/span><\/a><\/div><div class=\"fusion-sep-clear\"><\/div><div class=\"fusion-separator fusion-full-width-sep\" style=\"margin-left: auto;margin-right: auto;margin-top:20px;width:100%;\"><\/div><div class=\"fusion-sep-clear\"><\/div><div class=\"fusion-slider-sc fusion-flexslider-loading flexslider flexslider-hover-type-none\" data-slideshow_autoplay=\"1\" data-slideshow_smooth_height=\"0\" data-slideshow_speed=\"7000\" style=\"max-width:100%;height:100%;\"><ul class=\"slides\"><li class=\"image\"><span class=\"lazyload fusion-image-hover-element hover-type-none\"><img decoding=\"async\" src=\"https:\/\/matratzenland-suedtirol.com\/it\/wp-content\/uploads\/2019\/12\/NaturaZirbe1.jpg\" data-orig-src=\"https:\/\/matratzenland-suedtirol.com\/it\/wp-content\/uploads\/2019\/12\/NaturaZirbe1.jpg\" width=\"900\" height=\"560\" class=\"lazyload wp-image-2310\" srcset=\"data:image\/svg+xml,%3Csvg%20xmlns%3D%27http%3A%2F%2Fwww.w3.org%2F2000%2Fsvg%27%20width%3D%27900%27%20height%3D%27560%27%20viewBox%3D%270%200%20900%20560%27%3E%3Crect%20width%3D%27900%27%20height%3D%27560%27%20fill-opacity%3D%220%22%2F%3E%3C%2Fsvg%3E\" data-srcset=\"https:\/\/matratzenland-suedtirol.com\/it\/wp-content\/uploads\/2019\/12\/NaturaZirbe1-200x124.jpg 200w, https:\/\/matratzenland-suedtirol.com\/it\/wp-content\/uploads\/2019\/12\/NaturaZirbe1-400x249.jpg 400w, https:\/\/matratzenland-suedtirol.com\/it\/wp-content\/uploads\/2019\/12\/NaturaZirbe1-600x373.jpg 600w, https:\/\/matratzenland-suedtirol.com\/it\/wp-content\/uploads\/2019\/12\/NaturaZirbe1-800x498.jpg 800w, https:\/\/matratzenland-suedtirol.com\/it\/wp-content\/uploads\/2019\/12\/NaturaZirbe1.jpg 900w\" data-sizes=\"auto\" data-orig-sizes=\"(max-width: 1050px) 100vw, 600px\" \/><\/span><\/li><li class=\"image\"><span class=\"lazyload fusion-image-hover-element hover-type-none\"><img decoding=\"async\" src=\"https:\/\/matratzenland-suedtirol.com\/it\/wp-content\/uploads\/2019\/12\/NaturaZirbe2.jpg\" data-orig-src=\"https:\/\/matratzenland-suedtirol.com\/it\/wp-content\/uploads\/2019\/12\/NaturaZirbe2.jpg\" width=\"900\" height=\"560\" class=\"lazyload wp-image-2311\" srcset=\"data:image\/svg+xml,%3Csvg%20xmlns%3D%27http%3A%2F%2Fwww.w3.org%2F2000%2Fsvg%27%20width%3D%27900%27%20height%3D%27560%27%20viewBox%3D%270%200%20900%20560%27%3E%3Crect%20width%3D%27900%27%20height%3D%27560%27%20fill-opacity%3D%220%22%2F%3E%3C%2Fsvg%3E\" data-srcset=\"https:\/\/matratzenland-suedtirol.com\/it\/wp-content\/uploads\/2019\/12\/NaturaZirbe2-200x124.jpg 200w, https:\/\/matratzenland-suedtirol.com\/it\/wp-content\/uploads\/2019\/12\/NaturaZirbe2-400x249.jpg 400w, https:\/\/matratzenland-suedtirol.com\/it\/wp-content\/uploads\/2019\/12\/NaturaZirbe2-600x373.jpg 600w, https:\/\/matratzenland-suedtirol.com\/it\/wp-content\/uploads\/2019\/12\/NaturaZirbe2-800x498.jpg 800w, https:\/\/matratzenland-suedtirol.com\/it\/wp-content\/uploads\/2019\/12\/NaturaZirbe2.jpg 900w\" data-sizes=\"auto\" data-orig-sizes=\"(max-width: 1050px) 100vw, 600px\" \/><\/span><\/li><li class=\"image\"><span class=\"lazyload fusion-image-hover-element hover-type-none\"><img decoding=\"async\" src=\"https:\/\/matratzenland-suedtirol.com\/it\/wp-content\/uploads\/2019\/12\/NaturaZirbe3.jpg\" data-orig-src=\"https:\/\/matratzenland-suedtirol.com\/it\/wp-content\/uploads\/2019\/12\/NaturaZirbe3.jpg\" width=\"900\" height=\"560\" class=\"lazyload wp-image-2312\" srcset=\"data:image\/svg+xml,%3Csvg%20xmlns%3D%27http%3A%2F%2Fwww.w3.org%2F2000%2Fsvg%27%20width%3D%27900%27%20height%3D%27560%27%20viewBox%3D%270%200%20900%20560%27%3E%3Crect%20width%3D%27900%27%20height%3D%27560%27%20fill-opacity%3D%220%22%2F%3E%3C%2Fsvg%3E\" data-srcset=\"https:\/\/matratzenland-suedtirol.com\/it\/wp-content\/uploads\/2019\/12\/NaturaZirbe3-200x124.jpg 200w, https:\/\/matratzenland-suedtirol.com\/it\/wp-content\/uploads\/2019\/12\/NaturaZirbe3-400x249.jpg 400w, https:\/\/matratzenland-suedtirol.com\/it\/wp-content\/uploads\/2019\/12\/NaturaZirbe3-600x373.jpg 600w, https:\/\/matratzenland-suedtirol.com\/it\/wp-content\/uploads\/2019\/12\/NaturaZirbe3-800x498.jpg 800w, https:\/\/matratzenland-suedtirol.com\/it\/wp-content\/uploads\/2019\/12\/NaturaZirbe3.jpg 900w\" data-sizes=\"auto\" data-orig-sizes=\"(max-width: 1050px) 100vw, 600px\" \/><\/span><\/li><li class=\"image\"><span class=\"lazyload fusion-image-hover-element hover-type-none\"><img decoding=\"async\" src=\"https:\/\/matratzenland-suedtirol.com\/it\/wp-content\/uploads\/2019\/12\/NaturaZirbe4.jpg\" data-orig-src=\"https:\/\/matratzenland-suedtirol.com\/it\/wp-content\/uploads\/2019\/12\/NaturaZirbe4.jpg\" width=\"900\" height=\"560\" class=\"lazyload wp-image-2313\" srcset=\"data:image\/svg+xml,%3Csvg%20xmlns%3D%27http%3A%2F%2Fwww.w3.org%2F2000%2Fsvg%27%20width%3D%27900%27%20height%3D%27560%27%20viewBox%3D%270%200%20900%20560%27%3E%3Crect%20width%3D%27900%27%20height%3D%27560%27%20fill-opacity%3D%220%22%2F%3E%3C%2Fsvg%3E\" data-srcset=\"https:\/\/matratzenland-suedtirol.com\/it\/wp-content\/uploads\/2019\/12\/NaturaZirbe4-200x124.jpg 200w, https:\/\/matratzenland-suedtirol.com\/it\/wp-content\/uploads\/2019\/12\/NaturaZirbe4-400x249.jpg 400w, https:\/\/matratzenland-suedtirol.com\/it\/wp-content\/uploads\/2019\/12\/NaturaZirbe4-600x373.jpg 600w, https:\/\/matratzenland-suedtirol.com\/it\/wp-content\/uploads\/2019\/12\/NaturaZirbe4-800x498.jpg 800w, https:\/\/matratzenland-suedtirol.com\/it\/wp-content\/uploads\/2019\/12\/NaturaZirbe4.jpg 900w\" data-sizes=\"auto\" data-orig-sizes=\"(max-width: 1050px) 100vw, 600px\" \/><\/span><\/li><li class=\"image\"><span class=\"lazyload fusion-image-hover-element hover-type-none\"><img decoding=\"async\" src=\"https:\/\/matratzenland-suedtirol.com\/it\/wp-content\/uploads\/2019\/12\/NaturaZirbe5.jpg\" data-orig-src=\"https:\/\/matratzenland-suedtirol.com\/it\/wp-content\/uploads\/2019\/12\/NaturaZirbe5.jpg\" width=\"900\" height=\"560\" class=\"lazyload wp-image-2314\" srcset=\"data:image\/svg+xml,%3Csvg%20xmlns%3D%27http%3A%2F%2Fwww.w3.org%2F2000%2Fsvg%27%20width%3D%27900%27%20height%3D%27560%27%20viewBox%3D%270%200%20900%20560%27%3E%3Crect%20width%3D%27900%27%20height%3D%27560%27%20fill-opacity%3D%220%22%2F%3E%3C%2Fsvg%3E\" data-srcset=\"https:\/\/matratzenland-suedtirol.com\/it\/wp-content\/uploads\/2019\/12\/NaturaZirbe5-200x124.jpg 200w, https:\/\/matratzenland-suedtirol.com\/it\/wp-content\/uploads\/2019\/12\/NaturaZirbe5-400x249.jpg 400w, https:\/\/matratzenland-suedtirol.com\/it\/wp-content\/uploads\/2019\/12\/NaturaZirbe5-600x373.jpg 600w, https:\/\/matratzenland-suedtirol.com\/it\/wp-content\/uploads\/2019\/12\/NaturaZirbe5-800x498.jpg 800w, https:\/\/matratzenland-suedtirol.com\/it\/wp-content\/uploads\/2019\/12\/NaturaZirbe5.jpg 900w\" data-sizes=\"auto\" data-orig-sizes=\"(max-width: 1050px) 100vw, 600px\" \/><\/span><\/li><\/ul><\/div><\/div><\/div><div class=\"fusion-clearfix\"><\/div><\/div><\/div><div class=\"fusion-layout-column fusion_builder_column fusion-builder-column-3 fusion_builder_column_1_2 1_2 fusion-one-half fusion-column-first fusion-animated\" style=\"--awb-padding-top:30px;--awb-padding-right:3%;--awb-padding-left:3%;--awb-bg-position:center center;--awb-bg-size:cover;--awb-margin-top:0px;--awb-margin-bottom:0px;\" data-animationType=\"fadeInLeft\" data-animationDuration=\"0.6\" data-animationOffset=\"top-into-view\"><div class=\"fusion-column-wrapper fusion-column-has-shadow fusion-flex-column-wrapper-legacy\"><div class=\"fusion-column-content-centered\"><div class=\"fusion-column-content\"><div class=\"fusion-aligncenter\"><a class=\"fusion-button button-flat fusion-button-default-size button-custom fusion-button-default button-3 fusion-button-default-span fusion-button-default-type cta-button\" style=\"--button_accent_color:#ffffff;--button_border_color:#ffffff;--button_accent_hover_color:#ffffff;--button_border_hover_color:#ffffff;--button_gradient_top_color:#795f46;--button_gradient_bottom_color:#795f46;--button_gradient_top_color_hover:#795f46;--button_gradient_bottom_color_hover:#795f46;\" target=\"_self\"><i class=\"fa-align-justify fas button-icon-left\" aria-hidden=\"true\"><\/i><span class=\"fusion-button-text\">SanityMed<\/span><\/a><\/div><div class=\"fusion-sep-clear\"><\/div><div class=\"fusion-separator fusion-full-width-sep\" style=\"margin-left: auto;margin-right: auto;margin-top:20px;width:100%;\"><\/div><div class=\"fusion-sep-clear\"><\/div><div class=\"fusion-slider-sc fusion-flexslider-loading flexslider flexslider-hover-type-none\" data-slideshow_autoplay=\"1\" data-slideshow_smooth_height=\"0\" data-slideshow_speed=\"7000\" style=\"max-width:100%;height:100%;\"><ul class=\"slides\"><li class=\"image\"><span class=\"lazyload fusion-image-hover-element hover-type-none\"><img decoding=\"async\" src=\"https:\/\/matratzenland-suedtirol.com\/it\/wp-content\/uploads\/2019\/12\/Sanitymed1.jpg\" data-orig-src=\"https:\/\/matratzenland-suedtirol.com\/it\/wp-content\/uploads\/2019\/12\/Sanitymed1.jpg\" width=\"900\" height=\"560\" class=\"lazyload wp-image-2316\" srcset=\"data:image\/svg+xml,%3Csvg%20xmlns%3D%27http%3A%2F%2Fwww.w3.org%2F2000%2Fsvg%27%20width%3D%27900%27%20height%3D%27560%27%20viewBox%3D%270%200%20900%20560%27%3E%3Crect%20width%3D%27900%27%20height%3D%27560%27%20fill-opacity%3D%220%22%2F%3E%3C%2Fsvg%3E\" data-srcset=\"https:\/\/matratzenland-suedtirol.com\/it\/wp-content\/uploads\/2019\/12\/Sanitymed1-200x124.jpg 200w, https:\/\/matratzenland-suedtirol.com\/it\/wp-content\/uploads\/2019\/12\/Sanitymed1-400x249.jpg 400w, https:\/\/matratzenland-suedtirol.com\/it\/wp-content\/uploads\/2019\/12\/Sanitymed1-600x373.jpg 600w, https:\/\/matratzenland-suedtirol.com\/it\/wp-content\/uploads\/2019\/12\/Sanitymed1-800x498.jpg 800w, https:\/\/matratzenland-suedtirol.com\/it\/wp-content\/uploads\/2019\/12\/Sanitymed1.jpg 900w\" data-sizes=\"auto\" data-orig-sizes=\"(max-width: 1050px) 100vw, 600px\" \/><\/span><\/li><li class=\"image\"><span class=\"lazyload fusion-image-hover-element hover-type-none\"><img decoding=\"async\" src=\"https:\/\/matratzenland-suedtirol.com\/it\/wp-content\/uploads\/2019\/12\/Sanitymed2.jpg\" data-orig-src=\"https:\/\/matratzenland-suedtirol.com\/it\/wp-content\/uploads\/2019\/12\/Sanitymed2.jpg\" width=\"900\" height=\"560\" class=\"lazyload wp-image-2317\" srcset=\"data:image\/svg+xml,%3Csvg%20xmlns%3D%27http%3A%2F%2Fwww.w3.org%2F2000%2Fsvg%27%20width%3D%27900%27%20height%3D%27560%27%20viewBox%3D%270%200%20900%20560%27%3E%3Crect%20width%3D%27900%27%20height%3D%27560%27%20fill-opacity%3D%220%22%2F%3E%3C%2Fsvg%3E\" data-srcset=\"https:\/\/matratzenland-suedtirol.com\/it\/wp-content\/uploads\/2019\/12\/Sanitymed2-200x124.jpg 200w, https:\/\/matratzenland-suedtirol.com\/it\/wp-content\/uploads\/2019\/12\/Sanitymed2-400x249.jpg 400w, https:\/\/matratzenland-suedtirol.com\/it\/wp-content\/uploads\/2019\/12\/Sanitymed2-600x373.jpg 600w, https:\/\/matratzenland-suedtirol.com\/it\/wp-content\/uploads\/2019\/12\/Sanitymed2-800x498.jpg 800w, https:\/\/matratzenland-suedtirol.com\/it\/wp-content\/uploads\/2019\/12\/Sanitymed2.jpg 900w\" data-sizes=\"auto\" data-orig-sizes=\"(max-width: 1050px) 100vw, 600px\" \/><\/span><\/li><li class=\"image\"><span class=\"lazyload fusion-image-hover-element hover-type-none\"><img decoding=\"async\" src=\"https:\/\/matratzenland-suedtirol.com\/it\/wp-content\/uploads\/2019\/12\/Sanitymed3.jpg\" data-orig-src=\"https:\/\/matratzenland-suedtirol.com\/it\/wp-content\/uploads\/2019\/12\/Sanitymed3.jpg\" width=\"900\" height=\"560\" class=\"lazyload wp-image-2318\" srcset=\"data:image\/svg+xml,%3Csvg%20xmlns%3D%27http%3A%2F%2Fwww.w3.org%2F2000%2Fsvg%27%20width%3D%27900%27%20height%3D%27560%27%20viewBox%3D%270%200%20900%20560%27%3E%3Crect%20width%3D%27900%27%20height%3D%27560%27%20fill-opacity%3D%220%22%2F%3E%3C%2Fsvg%3E\" data-srcset=\"https:\/\/matratzenland-suedtirol.com\/it\/wp-content\/uploads\/2019\/12\/Sanitymed3-200x124.jpg 200w, https:\/\/matratzenland-suedtirol.com\/it\/wp-content\/uploads\/2019\/12\/Sanitymed3-400x249.jpg 400w, https:\/\/matratzenland-suedtirol.com\/it\/wp-content\/uploads\/2019\/12\/Sanitymed3-600x373.jpg 600w, https:\/\/matratzenland-suedtirol.com\/it\/wp-content\/uploads\/2019\/12\/Sanitymed3-800x498.jpg 800w, https:\/\/matratzenland-suedtirol.com\/it\/wp-content\/uploads\/2019\/12\/Sanitymed3.jpg 900w\" data-sizes=\"auto\" data-orig-sizes=\"(max-width: 1050px) 100vw, 600px\" \/><\/span><\/li><li class=\"image\"><span class=\"lazyload fusion-image-hover-element hover-type-none\"><img decoding=\"async\" src=\"https:\/\/matratzenland-suedtirol.com\/it\/wp-content\/uploads\/2019\/12\/Sanitymed4.jpg\" data-orig-src=\"https:\/\/matratzenland-suedtirol.com\/it\/wp-content\/uploads\/2019\/12\/Sanitymed4.jpg\" width=\"900\" height=\"560\" class=\"lazyload wp-image-2319\" srcset=\"data:image\/svg+xml,%3Csvg%20xmlns%3D%27http%3A%2F%2Fwww.w3.org%2F2000%2Fsvg%27%20width%3D%27900%27%20height%3D%27560%27%20viewBox%3D%270%200%20900%20560%27%3E%3Crect%20width%3D%27900%27%20height%3D%27560%27%20fill-opacity%3D%220%22%2F%3E%3C%2Fsvg%3E\" data-srcset=\"https:\/\/matratzenland-suedtirol.com\/it\/wp-content\/uploads\/2019\/12\/Sanitymed4-200x124.jpg 200w, https:\/\/matratzenland-suedtirol.com\/it\/wp-content\/uploads\/2019\/12\/Sanitymed4-400x249.jpg 400w, https:\/\/matratzenland-suedtirol.com\/it\/wp-content\/uploads\/2019\/12\/Sanitymed4-600x373.jpg 600w, https:\/\/matratzenland-suedtirol.com\/it\/wp-content\/uploads\/2019\/12\/Sanitymed4-800x498.jpg 800w, https:\/\/matratzenland-suedtirol.com\/it\/wp-content\/uploads\/2019\/12\/Sanitymed4.jpg 900w\" data-sizes=\"auto\" data-orig-sizes=\"(max-width: 1050px) 100vw, 600px\" \/><\/span><\/li><li class=\"image\"><span class=\"lazyload fusion-image-hover-element hover-type-none\"><img decoding=\"async\" src=\"https:\/\/matratzenland-suedtirol.com\/it\/wp-content\/uploads\/2019\/12\/Sanitymed5.jpg\" data-orig-src=\"https:\/\/matratzenland-suedtirol.com\/it\/wp-content\/uploads\/2019\/12\/Sanitymed5.jpg\" width=\"900\" height=\"560\" class=\"lazyload wp-image-2320\" srcset=\"data:image\/svg+xml,%3Csvg%20xmlns%3D%27http%3A%2F%2Fwww.w3.org%2F2000%2Fsvg%27%20width%3D%27900%27%20height%3D%27560%27%20viewBox%3D%270%200%20900%20560%27%3E%3Crect%20width%3D%27900%27%20height%3D%27560%27%20fill-opacity%3D%220%22%2F%3E%3C%2Fsvg%3E\" data-srcset=\"https:\/\/matratzenland-suedtirol.com\/it\/wp-content\/uploads\/2019\/12\/Sanitymed5-200x124.jpg 200w, https:\/\/matratzenland-suedtirol.com\/it\/wp-content\/uploads\/2019\/12\/Sanitymed5-400x249.jpg 400w, https:\/\/matratzenland-suedtirol.com\/it\/wp-content\/uploads\/2019\/12\/Sanitymed5-600x373.jpg 600w, https:\/\/matratzenland-suedtirol.com\/it\/wp-content\/uploads\/2019\/12\/Sanitymed5-800x498.jpg 800w, https:\/\/matratzenland-suedtirol.com\/it\/wp-content\/uploads\/2019\/12\/Sanitymed5.jpg 900w\" data-sizes=\"auto\" data-orig-sizes=\"(max-width: 1050px) 100vw, 600px\" \/><\/span><\/li><li class=\"image\"><span class=\"lazyload fusion-image-hover-element hover-type-none\"><img decoding=\"async\" src=\"https:\/\/matratzenland-suedtirol.com\/it\/wp-content\/uploads\/2019\/12\/Sanitymed6.jpg\" data-orig-src=\"https:\/\/matratzenland-suedtirol.com\/it\/wp-content\/uploads\/2019\/12\/Sanitymed6.jpg\" width=\"900\" height=\"560\" class=\"lazyload wp-image-2321\" srcset=\"data:image\/svg+xml,%3Csvg%20xmlns%3D%27http%3A%2F%2Fwww.w3.org%2F2000%2Fsvg%27%20width%3D%27900%27%20height%3D%27560%27%20viewBox%3D%270%200%20900%20560%27%3E%3Crect%20width%3D%27900%27%20height%3D%27560%27%20fill-opacity%3D%220%22%2F%3E%3C%2Fsvg%3E\" data-srcset=\"https:\/\/matratzenland-suedtirol.com\/it\/wp-content\/uploads\/2019\/12\/Sanitymed6-200x124.jpg 200w, https:\/\/matratzenland-suedtirol.com\/it\/wp-content\/uploads\/2019\/12\/Sanitymed6-400x249.jpg 400w, https:\/\/matratzenland-suedtirol.com\/it\/wp-content\/uploads\/2019\/12\/Sanitymed6-600x373.jpg 600w, https:\/\/matratzenland-suedtirol.com\/it\/wp-content\/uploads\/2019\/12\/Sanitymed6-800x498.jpg 800w, https:\/\/matratzenland-suedtirol.com\/it\/wp-content\/uploads\/2019\/12\/Sanitymed6.jpg 900w\" data-sizes=\"auto\" data-orig-sizes=\"(max-width: 1050px) 100vw, 600px\" \/><\/span><\/li><\/ul><\/div><\/div><\/div><div class=\"fusion-clearfix\"><\/div><\/div><\/div><div class=\"fusion-layout-column fusion_builder_column fusion-builder-column-4 fusion_builder_column_1_2 1_2 fusion-one-half fusion-column-last fusion-animated\" style=\"--awb-padding-top:30px;--awb-padding-right:3%;--awb-padding-left:3%;--awb-bg-position:center center;--awb-bg-size:cover;--awb-margin-top:0px;--awb-margin-bottom:0px;\" data-animationType=\"fadeInLeft\" data-animationDuration=\"0.6\" data-animationOffset=\"top-into-view\"><div class=\"fusion-column-wrapper fusion-column-has-shadow fusion-flex-column-wrapper-legacy\"><div class=\"fusion-column-content-centered\"><div class=\"fusion-column-content\"><div class=\"fusion-aligncenter\"><a class=\"fusion-button button-flat fusion-button-default-size button-custom fusion-button-default button-4 fusion-button-default-span fusion-button-default-type cta-button\" style=\"--button_accent_color:#ffffff;--button_border_color:#ffffff;--button_accent_hover_color:#ffffff;--button_border_hover_color:#ffffff;--button_gradient_top_color:#795f46;--button_gradient_bottom_color:#795f46;--button_gradient_top_color_hover:#795f46;--button_gradient_bottom_color_hover:#795f46;\" target=\"_self\"><i class=\"fa-align-justify fas button-icon-left\" aria-hidden=\"true\"><\/i><span class=\"fusion-button-text\">Advance<\/span><\/a><\/div><div class=\"fusion-sep-clear\"><\/div><div class=\"fusion-separator fusion-full-width-sep\" style=\"margin-left: auto;margin-right: auto;margin-top:20px;width:100%;\"><\/div><div class=\"fusion-sep-clear\"><\/div><div class=\"fusion-slider-sc fusion-flexslider-loading flexslider flexslider-hover-type-none\" data-slideshow_autoplay=\"1\" data-slideshow_smooth_height=\"0\" data-slideshow_speed=\"7000\" style=\"max-width:100%;height:100%;\"><ul class=\"slides\"><li class=\"image\"><span class=\"lazyload fusion-image-hover-element hover-type-none\"><img decoding=\"async\" src=\"https:\/\/matratzenland-suedtirol.com\/it\/wp-content\/uploads\/2019\/09\/Advance1.jpg\" data-orig-src=\"https:\/\/matratzenland-suedtirol.com\/it\/wp-content\/uploads\/2019\/09\/Advance1.jpg\" width=\"900\" height=\"560\" class=\"lazyload wp-image-1543\" srcset=\"data:image\/svg+xml,%3Csvg%20xmlns%3D%27http%3A%2F%2Fwww.w3.org%2F2000%2Fsvg%27%20width%3D%27900%27%20height%3D%27560%27%20viewBox%3D%270%200%20900%20560%27%3E%3Crect%20width%3D%27900%27%20height%3D%27560%27%20fill-opacity%3D%220%22%2F%3E%3C%2Fsvg%3E\" data-srcset=\"https:\/\/matratzenland-suedtirol.com\/it\/wp-content\/uploads\/2019\/09\/Advance1-200x124.jpg 200w, https:\/\/matratzenland-suedtirol.com\/it\/wp-content\/uploads\/2019\/09\/Advance1-400x249.jpg 400w, https:\/\/matratzenland-suedtirol.com\/it\/wp-content\/uploads\/2019\/09\/Advance1-600x373.jpg 600w, https:\/\/matratzenland-suedtirol.com\/it\/wp-content\/uploads\/2019\/09\/Advance1-800x498.jpg 800w, https:\/\/matratzenland-suedtirol.com\/it\/wp-content\/uploads\/2019\/09\/Advance1.jpg 900w\" data-sizes=\"auto\" data-orig-sizes=\"(max-width: 1050px) 100vw, 600px\" \/><\/span><\/li><li class=\"image\"><span class=\"lazyload fusion-image-hover-element hover-type-none\"><img decoding=\"async\" src=\"https:\/\/matratzenland-suedtirol.com\/it\/wp-content\/uploads\/2019\/09\/Advance2.jpg\" data-orig-src=\"https:\/\/matratzenland-suedtirol.com\/it\/wp-content\/uploads\/2019\/09\/Advance2.jpg\" width=\"900\" height=\"560\" class=\"lazyload wp-image-1544\" srcset=\"data:image\/svg+xml,%3Csvg%20xmlns%3D%27http%3A%2F%2Fwww.w3.org%2F2000%2Fsvg%27%20width%3D%27900%27%20height%3D%27560%27%20viewBox%3D%270%200%20900%20560%27%3E%3Crect%20width%3D%27900%27%20height%3D%27560%27%20fill-opacity%3D%220%22%2F%3E%3C%2Fsvg%3E\" data-srcset=\"https:\/\/matratzenland-suedtirol.com\/it\/wp-content\/uploads\/2019\/09\/Advance2-200x124.jpg 200w, https:\/\/matratzenland-suedtirol.com\/it\/wp-content\/uploads\/2019\/09\/Advance2-400x249.jpg 400w, https:\/\/matratzenland-suedtirol.com\/it\/wp-content\/uploads\/2019\/09\/Advance2-600x373.jpg 600w, https:\/\/matratzenland-suedtirol.com\/it\/wp-content\/uploads\/2019\/09\/Advance2-800x498.jpg 800w, https:\/\/matratzenland-suedtirol.com\/it\/wp-content\/uploads\/2019\/09\/Advance2.jpg 900w\" data-sizes=\"auto\" data-orig-sizes=\"(max-width: 1050px) 100vw, 600px\" \/><\/span><\/li><li class=\"image\"><span class=\"lazyload fusion-image-hover-element hover-type-none\"><img decoding=\"async\" src=\"https:\/\/matratzenland-suedtirol.com\/it\/wp-content\/uploads\/2019\/09\/Advance3.jpg\" data-orig-src=\"https:\/\/matratzenland-suedtirol.com\/it\/wp-content\/uploads\/2019\/09\/Advance3.jpg\" width=\"900\" height=\"560\" class=\"lazyload wp-image-1545\" srcset=\"data:image\/svg+xml,%3Csvg%20xmlns%3D%27http%3A%2F%2Fwww.w3.org%2F2000%2Fsvg%27%20width%3D%27900%27%20height%3D%27560%27%20viewBox%3D%270%200%20900%20560%27%3E%3Crect%20width%3D%27900%27%20height%3D%27560%27%20fill-opacity%3D%220%22%2F%3E%3C%2Fsvg%3E\" data-srcset=\"https:\/\/matratzenland-suedtirol.com\/it\/wp-content\/uploads\/2019\/09\/Advance3-200x124.jpg 200w, https:\/\/matratzenland-suedtirol.com\/it\/wp-content\/uploads\/2019\/09\/Advance3-400x249.jpg 400w, https:\/\/matratzenland-suedtirol.com\/it\/wp-content\/uploads\/2019\/09\/Advance3-600x373.jpg 600w, https:\/\/matratzenland-suedtirol.com\/it\/wp-content\/uploads\/2019\/09\/Advance3-800x498.jpg 800w, https:\/\/matratzenland-suedtirol.com\/it\/wp-content\/uploads\/2019\/09\/Advance3.jpg 900w\" data-sizes=\"auto\" data-orig-sizes=\"(max-width: 1050px) 100vw, 600px\" \/><\/span><\/li><li class=\"image\"><span class=\"lazyload fusion-image-hover-element hover-type-none\"><img decoding=\"async\" src=\"https:\/\/matratzenland-suedtirol.com\/it\/wp-content\/uploads\/2019\/09\/Advance4.jpg\" data-orig-src=\"https:\/\/matratzenland-suedtirol.com\/it\/wp-content\/uploads\/2019\/09\/Advance4.jpg\" width=\"900\" height=\"560\" class=\"lazyload wp-image-1546\" srcset=\"data:image\/svg+xml,%3Csvg%20xmlns%3D%27http%3A%2F%2Fwww.w3.org%2F2000%2Fsvg%27%20width%3D%27900%27%20height%3D%27560%27%20viewBox%3D%270%200%20900%20560%27%3E%3Crect%20width%3D%27900%27%20height%3D%27560%27%20fill-opacity%3D%220%22%2F%3E%3C%2Fsvg%3E\" data-srcset=\"https:\/\/matratzenland-suedtirol.com\/it\/wp-content\/uploads\/2019\/09\/Advance4-200x124.jpg 200w, https:\/\/matratzenland-suedtirol.com\/it\/wp-content\/uploads\/2019\/09\/Advance4-400x249.jpg 400w, https:\/\/matratzenland-suedtirol.com\/it\/wp-content\/uploads\/2019\/09\/Advance4-600x373.jpg 600w, https:\/\/matratzenland-suedtirol.com\/it\/wp-content\/uploads\/2019\/09\/Advance4-800x498.jpg 800w, https:\/\/matratzenland-suedtirol.com\/it\/wp-content\/uploads\/2019\/09\/Advance4.jpg 900w\" data-sizes=\"auto\" data-orig-sizes=\"(max-width: 1050px) 100vw, 600px\" \/><\/span><\/li><li class=\"image\"><span class=\"lazyload fusion-image-hover-element hover-type-none\"><img decoding=\"async\" src=\"https:\/\/matratzenland-suedtirol.com\/it\/wp-content\/uploads\/2019\/09\/Advance5.jpg\" data-orig-src=\"https:\/\/matratzenland-suedtirol.com\/it\/wp-content\/uploads\/2019\/09\/Advance5.jpg\" width=\"900\" height=\"560\" class=\"lazyload wp-image-1547\" srcset=\"data:image\/svg+xml,%3Csvg%20xmlns%3D%27http%3A%2F%2Fwww.w3.org%2F2000%2Fsvg%27%20width%3D%27900%27%20height%3D%27560%27%20viewBox%3D%270%200%20900%20560%27%3E%3Crect%20width%3D%27900%27%20height%3D%27560%27%20fill-opacity%3D%220%22%2F%3E%3C%2Fsvg%3E\" data-srcset=\"https:\/\/matratzenland-suedtirol.com\/it\/wp-content\/uploads\/2019\/09\/Advance5-200x124.jpg 200w, https:\/\/matratzenland-suedtirol.com\/it\/wp-content\/uploads\/2019\/09\/Advance5-400x249.jpg 400w, https:\/\/matratzenland-suedtirol.com\/it\/wp-content\/uploads\/2019\/09\/Advance5-600x373.jpg 600w, https:\/\/matratzenland-suedtirol.com\/it\/wp-content\/uploads\/2019\/09\/Advance5-800x498.jpg 800w, https:\/\/matratzenland-suedtirol.com\/it\/wp-content\/uploads\/2019\/09\/Advance5.jpg 900w\" data-sizes=\"auto\" data-orig-sizes=\"(max-width: 1050px) 100vw, 600px\" \/><\/span><\/li><li class=\"image\"><span class=\"lazyload fusion-image-hover-element hover-type-none\"><img decoding=\"async\" src=\"https:\/\/matratzenland-suedtirol.com\/it\/wp-content\/uploads\/2019\/09\/Advance6.jpg\" data-orig-src=\"https:\/\/matratzenland-suedtirol.com\/it\/wp-content\/uploads\/2019\/09\/Advance6.jpg\" width=\"900\" height=\"560\" class=\"lazyload wp-image-1548\" srcset=\"data:image\/svg+xml,%3Csvg%20xmlns%3D%27http%3A%2F%2Fwww.w3.org%2F2000%2Fsvg%27%20width%3D%27900%27%20height%3D%27560%27%20viewBox%3D%270%200%20900%20560%27%3E%3Crect%20width%3D%27900%27%20height%3D%27560%27%20fill-opacity%3D%220%22%2F%3E%3C%2Fsvg%3E\" data-srcset=\"https:\/\/matratzenland-suedtirol.com\/it\/wp-content\/uploads\/2019\/09\/Advance6-200x124.jpg 200w, https:\/\/matratzenland-suedtirol.com\/it\/wp-content\/uploads\/2019\/09\/Advance6-400x249.jpg 400w, https:\/\/matratzenland-suedtirol.com\/it\/wp-content\/uploads\/2019\/09\/Advance6-600x373.jpg 600w, https:\/\/matratzenland-suedtirol.com\/it\/wp-content\/uploads\/2019\/09\/Advance6-800x498.jpg 800w, https:\/\/matratzenland-suedtirol.com\/it\/wp-content\/uploads\/2019\/09\/Advance6.jpg 900w\" data-sizes=\"auto\" data-orig-sizes=\"(max-width: 1050px) 100vw, 600px\" \/><\/span><\/li><\/ul><\/div><\/div><\/div><div class=\"fusion-clearfix\"><\/div><\/div><\/div><div class=\"fusion-layout-column fusion_builder_column fusion-builder-column-5 fusion_builder_column_1_2 1_2 fusion-one-half fusion-column-first fusion-animated\" style=\"--awb-padding-top:30px;--awb-padding-right:3%;--awb-padding-left:3%;--awb-bg-position:center center;--awb-bg-size:cover;--awb-margin-top:0px;--awb-margin-bottom:0px;\" data-animationType=\"fadeInLeft\" data-animationDuration=\"0.6\" data-animationOffset=\"top-into-view\"><div class=\"fusion-column-wrapper fusion-column-has-shadow fusion-flex-column-wrapper-legacy\"><div class=\"fusion-column-content-centered\"><div class=\"fusion-column-content\"><div class=\"fusion-aligncenter\"><a class=\"fusion-button button-flat fusion-button-default-size button-custom fusion-button-default button-5 fusion-button-default-span fusion-button-default-type cta-button\" style=\"--button_accent_color:#ffffff;--button_border_color:#ffffff;--button_accent_hover_color:#ffffff;--button_border_hover_color:#ffffff;--button_gradient_top_color:#795f46;--button_gradient_bottom_color:#795f46;--button_gradient_top_color_hover:#795f46;--button_gradient_bottom_color_hover:#795f46;\" target=\"_self\"><i class=\"fa-align-justify fas button-icon-left\" aria-hidden=\"true\"><\/i><span class=\"fusion-button-text\">FlexyMed<\/span><\/a><\/div><div class=\"fusion-sep-clear\"><\/div><div class=\"fusion-separator fusion-full-width-sep\" style=\"margin-left: auto;margin-right: auto;margin-top:20px;width:100%;\"><\/div><div class=\"fusion-sep-clear\"><\/div><div class=\"fusion-slider-sc fusion-flexslider-loading flexslider flexslider-hover-type-none\" data-slideshow_autoplay=\"1\" data-slideshow_smooth_height=\"0\" data-slideshow_speed=\"7000\" style=\"max-width:100%;height:100%;\"><ul class=\"slides\"><li class=\"image\"><span class=\"lazyload fusion-image-hover-element hover-type-none\"><img decoding=\"async\" src=\"https:\/\/matratzenland-suedtirol.com\/it\/wp-content\/uploads\/2019\/09\/FlexyMed1.jpg\" data-orig-src=\"https:\/\/matratzenland-suedtirol.com\/it\/wp-content\/uploads\/2019\/09\/FlexyMed1.jpg\" width=\"900\" height=\"560\" class=\"lazyload wp-image-1559\" srcset=\"data:image\/svg+xml,%3Csvg%20xmlns%3D%27http%3A%2F%2Fwww.w3.org%2F2000%2Fsvg%27%20width%3D%27900%27%20height%3D%27560%27%20viewBox%3D%270%200%20900%20560%27%3E%3Crect%20width%3D%27900%27%20height%3D%27560%27%20fill-opacity%3D%220%22%2F%3E%3C%2Fsvg%3E\" data-srcset=\"https:\/\/matratzenland-suedtirol.com\/it\/wp-content\/uploads\/2019\/09\/FlexyMed1-200x124.jpg 200w, https:\/\/matratzenland-suedtirol.com\/it\/wp-content\/uploads\/2019\/09\/FlexyMed1-400x249.jpg 400w, https:\/\/matratzenland-suedtirol.com\/it\/wp-content\/uploads\/2019\/09\/FlexyMed1-600x373.jpg 600w, https:\/\/matratzenland-suedtirol.com\/it\/wp-content\/uploads\/2019\/09\/FlexyMed1-800x498.jpg 800w, https:\/\/matratzenland-suedtirol.com\/it\/wp-content\/uploads\/2019\/09\/FlexyMed1.jpg 900w\" data-sizes=\"auto\" data-orig-sizes=\"(max-width: 1050px) 100vw, 600px\" \/><\/span><\/li><li class=\"image\"><span class=\"lazyload fusion-image-hover-element hover-type-none\"><img decoding=\"async\" src=\"https:\/\/matratzenland-suedtirol.com\/it\/wp-content\/uploads\/2019\/09\/FlexyMed2.jpg\" data-orig-src=\"https:\/\/matratzenland-suedtirol.com\/it\/wp-content\/uploads\/2019\/09\/FlexyMed2.jpg\" width=\"900\" height=\"560\" class=\"lazyload wp-image-1560\" srcset=\"data:image\/svg+xml,%3Csvg%20xmlns%3D%27http%3A%2F%2Fwww.w3.org%2F2000%2Fsvg%27%20width%3D%27900%27%20height%3D%27560%27%20viewBox%3D%270%200%20900%20560%27%3E%3Crect%20width%3D%27900%27%20height%3D%27560%27%20fill-opacity%3D%220%22%2F%3E%3C%2Fsvg%3E\" data-srcset=\"https:\/\/matratzenland-suedtirol.com\/it\/wp-content\/uploads\/2019\/09\/FlexyMed2-200x124.jpg 200w, https:\/\/matratzenland-suedtirol.com\/it\/wp-content\/uploads\/2019\/09\/FlexyMed2-400x249.jpg 400w, https:\/\/matratzenland-suedtirol.com\/it\/wp-content\/uploads\/2019\/09\/FlexyMed2-600x373.jpg 600w, https:\/\/matratzenland-suedtirol.com\/it\/wp-content\/uploads\/2019\/09\/FlexyMed2-800x498.jpg 800w, https:\/\/matratzenland-suedtirol.com\/it\/wp-content\/uploads\/2019\/09\/FlexyMed2.jpg 900w\" data-sizes=\"auto\" data-orig-sizes=\"(max-width: 1050px) 100vw, 600px\" \/><\/span><\/li><li class=\"image\"><span class=\"lazyload fusion-image-hover-element hover-type-none\"><img decoding=\"async\" src=\"https:\/\/matratzenland-suedtirol.com\/it\/wp-content\/uploads\/2019\/09\/FlexyMed3.jpg\" data-orig-src=\"https:\/\/matratzenland-suedtirol.com\/it\/wp-content\/uploads\/2019\/09\/FlexyMed3.jpg\" width=\"900\" height=\"560\" class=\"lazyload wp-image-1561\" srcset=\"data:image\/svg+xml,%3Csvg%20xmlns%3D%27http%3A%2F%2Fwww.w3.org%2F2000%2Fsvg%27%20width%3D%27900%27%20height%3D%27560%27%20viewBox%3D%270%200%20900%20560%27%3E%3Crect%20width%3D%27900%27%20height%3D%27560%27%20fill-opacity%3D%220%22%2F%3E%3C%2Fsvg%3E\" data-srcset=\"https:\/\/matratzenland-suedtirol.com\/it\/wp-content\/uploads\/2019\/09\/FlexyMed3-200x124.jpg 200w, https:\/\/matratzenland-suedtirol.com\/it\/wp-content\/uploads\/2019\/09\/FlexyMed3-400x249.jpg 400w, https:\/\/matratzenland-suedtirol.com\/it\/wp-content\/uploads\/2019\/09\/FlexyMed3-600x373.jpg 600w, https:\/\/matratzenland-suedtirol.com\/it\/wp-content\/uploads\/2019\/09\/FlexyMed3-800x498.jpg 800w, https:\/\/matratzenland-suedtirol.com\/it\/wp-content\/uploads\/2019\/09\/FlexyMed3.jpg 900w\" data-sizes=\"auto\" data-orig-sizes=\"(max-width: 1050px) 100vw, 600px\" \/><\/span><\/li><li class=\"image\"><span class=\"lazyload fusion-image-hover-element hover-type-none\"><img decoding=\"async\" src=\"https:\/\/matratzenland-suedtirol.com\/it\/wp-content\/uploads\/2019\/09\/FlexyMed4.jpg\" data-orig-src=\"https:\/\/matratzenland-suedtirol.com\/it\/wp-content\/uploads\/2019\/09\/FlexyMed4.jpg\" width=\"900\" height=\"560\" class=\"lazyload wp-image-1562\" srcset=\"data:image\/svg+xml,%3Csvg%20xmlns%3D%27http%3A%2F%2Fwww.w3.org%2F2000%2Fsvg%27%20width%3D%27900%27%20height%3D%27560%27%20viewBox%3D%270%200%20900%20560%27%3E%3Crect%20width%3D%27900%27%20height%3D%27560%27%20fill-opacity%3D%220%22%2F%3E%3C%2Fsvg%3E\" data-srcset=\"https:\/\/matratzenland-suedtirol.com\/it\/wp-content\/uploads\/2019\/09\/FlexyMed4-200x124.jpg 200w, https:\/\/matratzenland-suedtirol.com\/it\/wp-content\/uploads\/2019\/09\/FlexyMed4-400x249.jpg 400w, https:\/\/matratzenland-suedtirol.com\/it\/wp-content\/uploads\/2019\/09\/FlexyMed4-600x373.jpg 600w, https:\/\/matratzenland-suedtirol.com\/it\/wp-content\/uploads\/2019\/09\/FlexyMed4-800x498.jpg 800w, https:\/\/matratzenland-suedtirol.com\/it\/wp-content\/uploads\/2019\/09\/FlexyMed4.jpg 900w\" data-sizes=\"auto\" data-orig-sizes=\"(max-width: 1050px) 100vw, 600px\" \/><\/span><\/li><li class=\"image\"><span class=\"lazyload fusion-image-hover-element hover-type-none\"><img decoding=\"async\" src=\"https:\/\/matratzenland-suedtirol.com\/it\/wp-content\/uploads\/2019\/09\/FlexyMed5.jpg\" data-orig-src=\"https:\/\/matratzenland-suedtirol.com\/it\/wp-content\/uploads\/2019\/09\/FlexyMed5.jpg\" width=\"900\" height=\"560\" class=\"lazyload wp-image-1563\" srcset=\"data:image\/svg+xml,%3Csvg%20xmlns%3D%27http%3A%2F%2Fwww.w3.org%2F2000%2Fsvg%27%20width%3D%27900%27%20height%3D%27560%27%20viewBox%3D%270%200%20900%20560%27%3E%3Crect%20width%3D%27900%27%20height%3D%27560%27%20fill-opacity%3D%220%22%2F%3E%3C%2Fsvg%3E\" data-srcset=\"https:\/\/matratzenland-suedtirol.com\/it\/wp-content\/uploads\/2019\/09\/FlexyMed5-200x124.jpg 200w, https:\/\/matratzenland-suedtirol.com\/it\/wp-content\/uploads\/2019\/09\/FlexyMed5-400x249.jpg 400w, https:\/\/matratzenland-suedtirol.com\/it\/wp-content\/uploads\/2019\/09\/FlexyMed5-600x373.jpg 600w, https:\/\/matratzenland-suedtirol.com\/it\/wp-content\/uploads\/2019\/09\/FlexyMed5-800x498.jpg 800w, https:\/\/matratzenland-suedtirol.com\/it\/wp-content\/uploads\/2019\/09\/FlexyMed5.jpg 900w\" data-sizes=\"auto\" data-orig-sizes=\"(max-width: 1050px) 100vw, 600px\" \/><\/span><\/li><li class=\"image\"><span class=\"lazyload fusion-image-hover-element hover-type-none\"><img decoding=\"async\" src=\"https:\/\/matratzenland-suedtirol.com\/it\/wp-content\/uploads\/2019\/09\/FlexyMed6.jpg\" data-orig-src=\"https:\/\/matratzenland-suedtirol.com\/it\/wp-content\/uploads\/2019\/09\/FlexyMed6.jpg\" width=\"900\" height=\"560\" class=\"lazyload wp-image-1564\" srcset=\"data:image\/svg+xml,%3Csvg%20xmlns%3D%27http%3A%2F%2Fwww.w3.org%2F2000%2Fsvg%27%20width%3D%27900%27%20height%3D%27560%27%20viewBox%3D%270%200%20900%20560%27%3E%3Crect%20width%3D%27900%27%20height%3D%27560%27%20fill-opacity%3D%220%22%2F%3E%3C%2Fsvg%3E\" data-srcset=\"https:\/\/matratzenland-suedtirol.com\/it\/wp-content\/uploads\/2019\/09\/FlexyMed6-200x124.jpg 200w, https:\/\/matratzenland-suedtirol.com\/it\/wp-content\/uploads\/2019\/09\/FlexyMed6-400x249.jpg 400w, https:\/\/matratzenland-suedtirol.com\/it\/wp-content\/uploads\/2019\/09\/FlexyMed6-600x373.jpg 600w, https:\/\/matratzenland-suedtirol.com\/it\/wp-content\/uploads\/2019\/09\/FlexyMed6-800x498.jpg 800w, https:\/\/matratzenland-suedtirol.com\/it\/wp-content\/uploads\/2019\/09\/FlexyMed6.jpg 900w\" data-sizes=\"auto\" data-orig-sizes=\"(max-width: 1050px) 100vw, 600px\" \/><\/span><\/li><\/ul><\/div><\/div><\/div><div class=\"fusion-clearfix\"><\/div><\/div><\/div><div class=\"fusion-layout-column fusion_builder_column fusion-builder-column-6 fusion_builder_column_1_2 1_2 fusion-one-half fusion-column-last fusion-animated\" style=\"--awb-padding-right:3%;--awb-padding-left:3%;--awb-bg-position:center center;--awb-bg-size:cover;--awb-margin-top:0px;--awb-margin-bottom:0px;\" data-animationType=\"fadeInLeft\" data-animationDuration=\"0.6\" data-animationOffset=\"top-into-view\"><div class=\"fusion-column-wrapper fusion-column-has-shadow fusion-flex-column-wrapper-legacy\"><div class=\"fusion-column-content-centered\"><div class=\"fusion-column-content\"><div class=\"fusion-aligncenter\"><a class=\"fusion-button button-flat fusion-button-default-size button-custom fusion-button-default button-6 fusion-button-default-span fusion-button-default-type cta-button\" style=\"--button_accent_color:#ffffff;--button_border_color:#ffffff;--button_accent_hover_color:#ffffff;--button_border_hover_color:#ffffff;--button_gradient_top_color:#795f46;--button_gradient_bottom_color:#795f46;--button_gradient_top_color_hover:#795f46;--button_gradient_bottom_color_hover:#795f46;\" target=\"_self\"><i class=\"fa-align-justify fas button-icon-left\" aria-hidden=\"true\"><\/i><span class=\"fusion-button-text\">Infinity<\/span><\/a><\/div><div class=\"fusion-sep-clear\"><\/div><div class=\"fusion-separator fusion-full-width-sep\" style=\"margin-left: auto;margin-right: auto;margin-top:20px;width:100%;\"><\/div><div class=\"fusion-sep-clear\"><\/div><div class=\"fusion-slider-sc fusion-flexslider-loading flexslider flexslider-hover-type-none\" data-slideshow_autoplay=\"1\" data-slideshow_smooth_height=\"0\" data-slideshow_speed=\"7000\" style=\"max-width:100%;height:100%;\"><ul class=\"slides\"><li class=\"image\"><span class=\"lazyload fusion-image-hover-element hover-type-none\"><img decoding=\"async\" src=\"https:\/\/matratzenland-suedtirol.com\/it\/wp-content\/uploads\/2019\/09\/Infinity1.jpg\" data-orig-src=\"https:\/\/matratzenland-suedtirol.com\/it\/wp-content\/uploads\/2019\/09\/Infinity1.jpg\" width=\"900\" height=\"560\" class=\"lazyload wp-image-1573\" srcset=\"data:image\/svg+xml,%3Csvg%20xmlns%3D%27http%3A%2F%2Fwww.w3.org%2F2000%2Fsvg%27%20width%3D%27900%27%20height%3D%27560%27%20viewBox%3D%270%200%20900%20560%27%3E%3Crect%20width%3D%27900%27%20height%3D%27560%27%20fill-opacity%3D%220%22%2F%3E%3C%2Fsvg%3E\" data-srcset=\"https:\/\/matratzenland-suedtirol.com\/it\/wp-content\/uploads\/2019\/09\/Infinity1-200x124.jpg 200w, https:\/\/matratzenland-suedtirol.com\/it\/wp-content\/uploads\/2019\/09\/Infinity1-400x249.jpg 400w, https:\/\/matratzenland-suedtirol.com\/it\/wp-content\/uploads\/2019\/09\/Infinity1-600x373.jpg 600w, https:\/\/matratzenland-suedtirol.com\/it\/wp-content\/uploads\/2019\/09\/Infinity1-800x498.jpg 800w, https:\/\/matratzenland-suedtirol.com\/it\/wp-content\/uploads\/2019\/09\/Infinity1.jpg 900w\" data-sizes=\"auto\" data-orig-sizes=\"(max-width: 1050px) 100vw, 600px\" \/><\/span><\/li><li class=\"image\"><span class=\"lazyload fusion-image-hover-element hover-type-none\"><img decoding=\"async\" src=\"https:\/\/matratzenland-suedtirol.com\/it\/wp-content\/uploads\/2019\/09\/Infinity2.jpg\" data-orig-src=\"https:\/\/matratzenland-suedtirol.com\/it\/wp-content\/uploads\/2019\/09\/Infinity2.jpg\" width=\"900\" height=\"560\" class=\"lazyload wp-image-1574\" srcset=\"data:image\/svg+xml,%3Csvg%20xmlns%3D%27http%3A%2F%2Fwww.w3.org%2F2000%2Fsvg%27%20width%3D%27900%27%20height%3D%27560%27%20viewBox%3D%270%200%20900%20560%27%3E%3Crect%20width%3D%27900%27%20height%3D%27560%27%20fill-opacity%3D%220%22%2F%3E%3C%2Fsvg%3E\" data-srcset=\"https:\/\/matratzenland-suedtirol.com\/it\/wp-content\/uploads\/2019\/09\/Infinity2-200x124.jpg 200w, https:\/\/matratzenland-suedtirol.com\/it\/wp-content\/uploads\/2019\/09\/Infinity2-400x249.jpg 400w, https:\/\/matratzenland-suedtirol.com\/it\/wp-content\/uploads\/2019\/09\/Infinity2-600x373.jpg 600w, https:\/\/matratzenland-suedtirol.com\/it\/wp-content\/uploads\/2019\/09\/Infinity2-800x498.jpg 800w, https:\/\/matratzenland-suedtirol.com\/it\/wp-content\/uploads\/2019\/09\/Infinity2.jpg 900w\" data-sizes=\"auto\" data-orig-sizes=\"(max-width: 1050px) 100vw, 600px\" \/><\/span><\/li><li class=\"image\"><span class=\"lazyload fusion-image-hover-element hover-type-none\"><img decoding=\"async\" src=\"https:\/\/matratzenland-suedtirol.com\/it\/wp-content\/uploads\/2019\/09\/Infinity3.jpg\" data-orig-src=\"https:\/\/matratzenland-suedtirol.com\/it\/wp-content\/uploads\/2019\/09\/Infinity3.jpg\" width=\"900\" height=\"560\" class=\"lazyload wp-image-1575\" srcset=\"data:image\/svg+xml,%3Csvg%20xmlns%3D%27http%3A%2F%2Fwww.w3.org%2F2000%2Fsvg%27%20width%3D%27900%27%20height%3D%27560%27%20viewBox%3D%270%200%20900%20560%27%3E%3Crect%20width%3D%27900%27%20height%3D%27560%27%20fill-opacity%3D%220%22%2F%3E%3C%2Fsvg%3E\" data-srcset=\"https:\/\/matratzenland-suedtirol.com\/it\/wp-content\/uploads\/2019\/09\/Infinity3-200x124.jpg 200w, https:\/\/matratzenland-suedtirol.com\/it\/wp-content\/uploads\/2019\/09\/Infinity3-400x249.jpg 400w, https:\/\/matratzenland-suedtirol.com\/it\/wp-content\/uploads\/2019\/09\/Infinity3-600x373.jpg 600w, https:\/\/matratzenland-suedtirol.com\/it\/wp-content\/uploads\/2019\/09\/Infinity3-800x498.jpg 800w, https:\/\/matratzenland-suedtirol.com\/it\/wp-content\/uploads\/2019\/09\/Infinity3.jpg 900w\" data-sizes=\"auto\" data-orig-sizes=\"(max-width: 1050px) 100vw, 600px\" \/><\/span><\/li><li class=\"image\"><span class=\"lazyload fusion-image-hover-element hover-type-none\"><img decoding=\"async\" src=\"https:\/\/matratzenland-suedtirol.com\/it\/wp-content\/uploads\/2019\/09\/Infinity4.jpg\" data-orig-src=\"https:\/\/matratzenland-suedtirol.com\/it\/wp-content\/uploads\/2019\/09\/Infinity4.jpg\" width=\"900\" height=\"560\" class=\"lazyload wp-image-1576\" srcset=\"data:image\/svg+xml,%3Csvg%20xmlns%3D%27http%3A%2F%2Fwww.w3.org%2F2000%2Fsvg%27%20width%3D%27900%27%20height%3D%27560%27%20viewBox%3D%270%200%20900%20560%27%3E%3Crect%20width%3D%27900%27%20height%3D%27560%27%20fill-opacity%3D%220%22%2F%3E%3C%2Fsvg%3E\" data-srcset=\"https:\/\/matratzenland-suedtirol.com\/it\/wp-content\/uploads\/2019\/09\/Infinity4-200x124.jpg 200w, https:\/\/matratzenland-suedtirol.com\/it\/wp-content\/uploads\/2019\/09\/Infinity4-400x249.jpg 400w, https:\/\/matratzenland-suedtirol.com\/it\/wp-content\/uploads\/2019\/09\/Infinity4-600x373.jpg 600w, https:\/\/matratzenland-suedtirol.com\/it\/wp-content\/uploads\/2019\/09\/Infinity4-800x498.jpg 800w, https:\/\/matratzenland-suedtirol.com\/it\/wp-content\/uploads\/2019\/09\/Infinity4.jpg 900w\" data-sizes=\"auto\" data-orig-sizes=\"(max-width: 1050px) 100vw, 600px\" \/><\/span><\/li><li class=\"image\"><span class=\"lazyload fusion-image-hover-element hover-type-none\"><img decoding=\"async\" src=\"https:\/\/matratzenland-suedtirol.com\/it\/wp-content\/uploads\/2019\/09\/Infinity5.jpg\" data-orig-src=\"https:\/\/matratzenland-suedtirol.com\/it\/wp-content\/uploads\/2019\/09\/Infinity5.jpg\" width=\"900\" height=\"560\" class=\"lazyload wp-image-1577\" srcset=\"data:image\/svg+xml,%3Csvg%20xmlns%3D%27http%3A%2F%2Fwww.w3.org%2F2000%2Fsvg%27%20width%3D%27900%27%20height%3D%27560%27%20viewBox%3D%270%200%20900%20560%27%3E%3Crect%20width%3D%27900%27%20height%3D%27560%27%20fill-opacity%3D%220%22%2F%3E%3C%2Fsvg%3E\" data-srcset=\"https:\/\/matratzenland-suedtirol.com\/it\/wp-content\/uploads\/2019\/09\/Infinity5-200x124.jpg 200w, https:\/\/matratzenland-suedtirol.com\/it\/wp-content\/uploads\/2019\/09\/Infinity5-400x249.jpg 400w, https:\/\/matratzenland-suedtirol.com\/it\/wp-content\/uploads\/2019\/09\/Infinity5-600x373.jpg 600w, https:\/\/matratzenland-suedtirol.com\/it\/wp-content\/uploads\/2019\/09\/Infinity5-800x498.jpg 800w, https:\/\/matratzenland-suedtirol.com\/it\/wp-content\/uploads\/2019\/09\/Infinity5.jpg 900w\" data-sizes=\"auto\" data-orig-sizes=\"(max-width: 1050px) 100vw, 600px\" \/><\/span><\/li><li class=\"image\"><span class=\"lazyload fusion-image-hover-element hover-type-none\"><img decoding=\"async\" src=\"https:\/\/matratzenland-suedtirol.com\/it\/wp-content\/uploads\/2019\/09\/Infinity6.jpg\" data-orig-src=\"https:\/\/matratzenland-suedtirol.com\/it\/wp-content\/uploads\/2019\/09\/Infinity6.jpg\" width=\"900\" height=\"560\" class=\"lazyload wp-image-1578\" srcset=\"data:image\/svg+xml,%3Csvg%20xmlns%3D%27http%3A%2F%2Fwww.w3.org%2F2000%2Fsvg%27%20width%3D%27900%27%20height%3D%27560%27%20viewBox%3D%270%200%20900%20560%27%3E%3Crect%20width%3D%27900%27%20height%3D%27560%27%20fill-opacity%3D%220%22%2F%3E%3C%2Fsvg%3E\" data-srcset=\"https:\/\/matratzenland-suedtirol.com\/it\/wp-content\/uploads\/2019\/09\/Infinity6-200x124.jpg 200w, https:\/\/matratzenland-suedtirol.com\/it\/wp-content\/uploads\/2019\/09\/Infinity6-400x249.jpg 400w, https:\/\/matratzenland-suedtirol.com\/it\/wp-content\/uploads\/2019\/09\/Infinity6-600x373.jpg 600w, https:\/\/matratzenland-suedtirol.com\/it\/wp-content\/uploads\/2019\/09\/Infinity6-800x498.jpg 800w, https:\/\/matratzenland-suedtirol.com\/it\/wp-content\/uploads\/2019\/09\/Infinity6.jpg 900w\" data-sizes=\"auto\" data-orig-sizes=\"(max-width: 1050px) 100vw, 600px\" \/><\/span><\/li><\/ul><\/div><\/div><\/div><div class=\"fusion-clearfix\"><\/div><\/div><\/div><div class=\"fusion-layout-column fusion_builder_column fusion-builder-column-7 fusion_builder_column_1_2 1_2 fusion-one-half fusion-column-first fusion-animated\" style=\"--awb-padding-right:3%;--awb-padding-left:3%;--awb-bg-position:center center;--awb-bg-size:cover;--awb-margin-top:0px;--awb-margin-bottom:0px;\" data-animationType=\"fadeInLeft\" data-animationDuration=\"0.6\" data-animationOffset=\"top-into-view\"><div class=\"fusion-column-wrapper fusion-column-has-shadow fusion-flex-column-wrapper-legacy\"><div class=\"fusion-column-content-centered\"><div class=\"fusion-column-content\"><div class=\"fusion-aligncenter\"><a class=\"fusion-button button-flat fusion-button-default-size button-custom fusion-button-default button-7 fusion-button-default-span fusion-button-default-type cta-button\" style=\"--button_accent_color:#ffffff;--button_border_color:#ffffff;--button_accent_hover_color:#ffffff;--button_border_hover_color:#ffffff;--button_gradient_top_color:#795f46;--button_gradient_bottom_color:#795f46;--button_gradient_top_color_hover:#795f46;--button_gradient_bottom_color_hover:#795f46;\" target=\"_self\"><i class=\"fa-align-justify fas button-icon-left\" aria-hidden=\"true\"><\/i><span class=\"fusion-button-text\">Orthopedic<\/span><\/a><\/div><div class=\"fusion-sep-clear\"><\/div><div class=\"fusion-separator fusion-full-width-sep\" style=\"margin-left: auto;margin-right: auto;margin-top:20px;width:100%;\"><\/div><div class=\"fusion-sep-clear\"><\/div><div class=\"fusion-slider-sc fusion-flexslider-loading flexslider flexslider-hover-type-none\" data-slideshow_autoplay=\"1\" data-slideshow_smooth_height=\"0\" data-slideshow_speed=\"7000\" style=\"max-width:100%;height:100%;\"><ul class=\"slides\"><li class=\"image\"><span class=\"lazyload fusion-image-hover-element hover-type-none\"><img decoding=\"async\" src=\"https:\/\/matratzenland-suedtirol.com\/it\/wp-content\/uploads\/2019\/09\/Orthopedic1.jpg\" data-orig-src=\"https:\/\/matratzenland-suedtirol.com\/it\/wp-content\/uploads\/2019\/09\/Orthopedic1.jpg\" width=\"900\" height=\"560\" class=\"lazyload wp-image-1583\" srcset=\"data:image\/svg+xml,%3Csvg%20xmlns%3D%27http%3A%2F%2Fwww.w3.org%2F2000%2Fsvg%27%20width%3D%27900%27%20height%3D%27560%27%20viewBox%3D%270%200%20900%20560%27%3E%3Crect%20width%3D%27900%27%20height%3D%27560%27%20fill-opacity%3D%220%22%2F%3E%3C%2Fsvg%3E\" data-srcset=\"https:\/\/matratzenland-suedtirol.com\/it\/wp-content\/uploads\/2019\/09\/Orthopedic1-200x124.jpg 200w, https:\/\/matratzenland-suedtirol.com\/it\/wp-content\/uploads\/2019\/09\/Orthopedic1-400x249.jpg 400w, https:\/\/matratzenland-suedtirol.com\/it\/wp-content\/uploads\/2019\/09\/Orthopedic1-600x373.jpg 600w, https:\/\/matratzenland-suedtirol.com\/it\/wp-content\/uploads\/2019\/09\/Orthopedic1-800x498.jpg 800w, https:\/\/matratzenland-suedtirol.com\/it\/wp-content\/uploads\/2019\/09\/Orthopedic1.jpg 900w\" data-sizes=\"auto\" data-orig-sizes=\"(max-width: 1050px) 100vw, 600px\" \/><\/span><\/li><li class=\"image\"><span class=\"lazyload fusion-image-hover-element hover-type-none\"><img decoding=\"async\" src=\"https:\/\/matratzenland-suedtirol.com\/it\/wp-content\/uploads\/2019\/09\/Orthopedic2.jpg\" data-orig-src=\"https:\/\/matratzenland-suedtirol.com\/it\/wp-content\/uploads\/2019\/09\/Orthopedic2.jpg\" width=\"900\" height=\"560\" class=\"lazyload wp-image-1584\" srcset=\"data:image\/svg+xml,%3Csvg%20xmlns%3D%27http%3A%2F%2Fwww.w3.org%2F2000%2Fsvg%27%20width%3D%27900%27%20height%3D%27560%27%20viewBox%3D%270%200%20900%20560%27%3E%3Crect%20width%3D%27900%27%20height%3D%27560%27%20fill-opacity%3D%220%22%2F%3E%3C%2Fsvg%3E\" data-srcset=\"https:\/\/matratzenland-suedtirol.com\/it\/wp-content\/uploads\/2019\/09\/Orthopedic2-200x124.jpg 200w, https:\/\/matratzenland-suedtirol.com\/it\/wp-content\/uploads\/2019\/09\/Orthopedic2-400x249.jpg 400w, https:\/\/matratzenland-suedtirol.com\/it\/wp-content\/uploads\/2019\/09\/Orthopedic2-600x373.jpg 600w, https:\/\/matratzenland-suedtirol.com\/it\/wp-content\/uploads\/2019\/09\/Orthopedic2-800x498.jpg 800w, https:\/\/matratzenland-suedtirol.com\/it\/wp-content\/uploads\/2019\/09\/Orthopedic2.jpg 900w\" data-sizes=\"auto\" data-orig-sizes=\"(max-width: 1050px) 100vw, 600px\" \/><\/span><\/li><li class=\"image\"><span class=\"lazyload fusion-image-hover-element hover-type-none\"><img decoding=\"async\" src=\"https:\/\/matratzenland-suedtirol.com\/it\/wp-content\/uploads\/2019\/09\/Orthopedic3.jpg\" data-orig-src=\"https:\/\/matratzenland-suedtirol.com\/it\/wp-content\/uploads\/2019\/09\/Orthopedic3.jpg\" width=\"900\" height=\"560\" class=\"lazyload wp-image-1585\" srcset=\"data:image\/svg+xml,%3Csvg%20xmlns%3D%27http%3A%2F%2Fwww.w3.org%2F2000%2Fsvg%27%20width%3D%27900%27%20height%3D%27560%27%20viewBox%3D%270%200%20900%20560%27%3E%3Crect%20width%3D%27900%27%20height%3D%27560%27%20fill-opacity%3D%220%22%2F%3E%3C%2Fsvg%3E\" data-srcset=\"https:\/\/matratzenland-suedtirol.com\/it\/wp-content\/uploads\/2019\/09\/Orthopedic3-200x124.jpg 200w, https:\/\/matratzenland-suedtirol.com\/it\/wp-content\/uploads\/2019\/09\/Orthopedic3-400x249.jpg 400w, https:\/\/matratzenland-suedtirol.com\/it\/wp-content\/uploads\/2019\/09\/Orthopedic3-600x373.jpg 600w, https:\/\/matratzenland-suedtirol.com\/it\/wp-content\/uploads\/2019\/09\/Orthopedic3-800x498.jpg 800w, https:\/\/matratzenland-suedtirol.com\/it\/wp-content\/uploads\/2019\/09\/Orthopedic3.jpg 900w\" data-sizes=\"auto\" data-orig-sizes=\"(max-width: 1050px) 100vw, 600px\" \/><\/span><\/li><li class=\"image\"><span class=\"lazyload fusion-image-hover-element hover-type-none\"><img decoding=\"async\" src=\"https:\/\/matratzenland-suedtirol.com\/it\/wp-content\/uploads\/2019\/09\/Orthopedic4.jpg\" data-orig-src=\"https:\/\/matratzenland-suedtirol.com\/it\/wp-content\/uploads\/2019\/09\/Orthopedic4.jpg\" width=\"900\" height=\"560\" class=\"lazyload wp-image-1586\" srcset=\"data:image\/svg+xml,%3Csvg%20xmlns%3D%27http%3A%2F%2Fwww.w3.org%2F2000%2Fsvg%27%20width%3D%27900%27%20height%3D%27560%27%20viewBox%3D%270%200%20900%20560%27%3E%3Crect%20width%3D%27900%27%20height%3D%27560%27%20fill-opacity%3D%220%22%2F%3E%3C%2Fsvg%3E\" data-srcset=\"https:\/\/matratzenland-suedtirol.com\/it\/wp-content\/uploads\/2019\/09\/Orthopedic4-200x124.jpg 200w, https:\/\/matratzenland-suedtirol.com\/it\/wp-content\/uploads\/2019\/09\/Orthopedic4-400x249.jpg 400w, https:\/\/matratzenland-suedtirol.com\/it\/wp-content\/uploads\/2019\/09\/Orthopedic4-600x373.jpg 600w, https:\/\/matratzenland-suedtirol.com\/it\/wp-content\/uploads\/2019\/09\/Orthopedic4-800x498.jpg 800w, https:\/\/matratzenland-suedtirol.com\/it\/wp-content\/uploads\/2019\/09\/Orthopedic4.jpg 900w\" data-sizes=\"auto\" data-orig-sizes=\"(max-width: 1050px) 100vw, 600px\" \/><\/span><\/li><li class=\"image\"><span class=\"lazyload fusion-image-hover-element hover-type-none\"><img decoding=\"async\" src=\"https:\/\/matratzenland-suedtirol.com\/it\/wp-content\/uploads\/2019\/09\/Orthopedic5.jpg\" data-orig-src=\"https:\/\/matratzenland-suedtirol.com\/it\/wp-content\/uploads\/2019\/09\/Orthopedic5.jpg\" width=\"900\" height=\"560\" class=\"lazyload wp-image-1587\" srcset=\"data:image\/svg+xml,%3Csvg%20xmlns%3D%27http%3A%2F%2Fwww.w3.org%2F2000%2Fsvg%27%20width%3D%27900%27%20height%3D%27560%27%20viewBox%3D%270%200%20900%20560%27%3E%3Crect%20width%3D%27900%27%20height%3D%27560%27%20fill-opacity%3D%220%22%2F%3E%3C%2Fsvg%3E\" data-srcset=\"https:\/\/matratzenland-suedtirol.com\/it\/wp-content\/uploads\/2019\/09\/Orthopedic5-200x124.jpg 200w, https:\/\/matratzenland-suedtirol.com\/it\/wp-content\/uploads\/2019\/09\/Orthopedic5-400x249.jpg 400w, https:\/\/matratzenland-suedtirol.com\/it\/wp-content\/uploads\/2019\/09\/Orthopedic5-600x373.jpg 600w, https:\/\/matratzenland-suedtirol.com\/it\/wp-content\/uploads\/2019\/09\/Orthopedic5-800x498.jpg 800w, https:\/\/matratzenland-suedtirol.com\/it\/wp-content\/uploads\/2019\/09\/Orthopedic5.jpg 900w\" data-sizes=\"auto\" data-orig-sizes=\"(max-width: 1050px) 100vw, 600px\" \/><\/span><\/li><li class=\"image\"><span class=\"lazyload fusion-image-hover-element hover-type-none\"><img decoding=\"async\" src=\"https:\/\/matratzenland-suedtirol.com\/it\/wp-content\/uploads\/2019\/09\/Orthopedic6.jpg\" data-orig-src=\"https:\/\/matratzenland-suedtirol.com\/it\/wp-content\/uploads\/2019\/09\/Orthopedic6.jpg\" width=\"900\" height=\"560\" class=\"lazyload wp-image-1588\" srcset=\"data:image\/svg+xml,%3Csvg%20xmlns%3D%27http%3A%2F%2Fwww.w3.org%2F2000%2Fsvg%27%20width%3D%27900%27%20height%3D%27560%27%20viewBox%3D%270%200%20900%20560%27%3E%3Crect%20width%3D%27900%27%20height%3D%27560%27%20fill-opacity%3D%220%22%2F%3E%3C%2Fsvg%3E\" data-srcset=\"https:\/\/matratzenland-suedtirol.com\/it\/wp-content\/uploads\/2019\/09\/Orthopedic6-200x124.jpg 200w, https:\/\/matratzenland-suedtirol.com\/it\/wp-content\/uploads\/2019\/09\/Orthopedic6-400x249.jpg 400w, https:\/\/matratzenland-suedtirol.com\/it\/wp-content\/uploads\/2019\/09\/Orthopedic6-600x373.jpg 600w, https:\/\/matratzenland-suedtirol.com\/it\/wp-content\/uploads\/2019\/09\/Orthopedic6-800x498.jpg 800w, https:\/\/matratzenland-suedtirol.com\/it\/wp-content\/uploads\/2019\/09\/Orthopedic6.jpg 900w\" data-sizes=\"auto\" data-orig-sizes=\"(max-width: 1050px) 100vw, 600px\" \/><\/span><\/li><\/ul><\/div><\/div><\/div><div class=\"fusion-clearfix\"><\/div><\/div><\/div><\/div><\/div><div class=\"fusion-fullwidth fullwidth-box fusion-builder-row-3 hundred-percent-fullwidth non-hundred-percent-height-scrolling fusion-equal-height-columns\" style=\"--awb-background-position:left top;--awb-border-sizes-top:0px;--awb-border-sizes-bottom:0px;--awb-border-sizes-left:0px;--awb-border-sizes-right:0px;--awb-border-color:#3e3e3e;--awb-border-radius-top-left:0px;--awb-border-radius-top-right:0px;--awb-border-radius-bottom-right:0px;--awb-border-radius-bottom-left:0px;--awb-padding-top:0px;--awb-padding-right:0px;--awb-padding-bottom:0px;--awb-padding-left:0px;--awb-margin-bottom:0px;\" ><div class=\"fusion-builder-row fusion-row\"><div class=\"fusion-layout-column fusion_builder_column fusion-builder-column-8 fusion_builder_column_1_1 1_1 fusion-one-full fusion-column-first fusion-column-last\" style=\"--awb-padding-top:20px;--awb-padding-right:10%;--awb-padding-left:10%;--awb-bg-size:cover;--awb-margin-top:0px;--awb-margin-bottom:0px;\"><div class=\"fusion-column-wrapper fusion-column-has-shadow fusion-flex-column-wrapper-legacy\"><div class=\"fusion-text fusion-text-3\"><h3 style=\"text-align: center;\">SimplyBed<\/h3>\n<\/div><div class=\"fusion-sep-clear\"><\/div><div class=\"fusion-separator fusion-has-icon fusion-full-width-sep\" style=\"margin-left: auto;margin-right: auto;margin-top:3%;margin-bottom:30px;width:100%;\"><div class=\"fusion-separator-border sep-single sep-solid\" style=\"--awb-height:20px;--awb-amount:20px;--awb-sep-color:#a98a72;border-color:#a98a72;border-top-width:1px;\"><\/div><span class=\"icon-wrapper\" style=\"border-color:transparent;font-size:18px;width: 1.75em; height: 1.75em;border-width:1px;padding:1px;margin-top:-0.5px\"><i class=\"fa-pagelines fab\" style=\"font-size: inherit;color:#a98a72;\" aria-hidden=\"true\"><\/i><\/span><div class=\"fusion-separator-border sep-single sep-solid\" style=\"--awb-height:20px;--awb-amount:20px;--awb-sep-color:#a98a72;border-color:#a98a72;border-top-width:1px;\"><\/div><\/div><div class=\"fusion-sep-clear\"><\/div><div class=\"fusion-builder-row fusion-builder-row-inner fusion-row\"><div class=\"fusion-layout-column fusion_builder_column_inner fusion-builder-nested-column-2 fusion_builder_column_inner_1_2 1_2 fusion-one-half fusion-column-first\" style=\"--awb-bg-size:cover;width:50%;width:calc(50% - ( ( 4% ) * 0.5 ) );margin-right: 4%;\"><div class=\"fusion-column-wrapper fusion-column-has-shadow fusion-flex-column-wrapper-legacy\"><div class=\"fusion-column-content-centered\"><div class=\"fusion-column-content\"><div class=\"fusion-text fusion-text-4\"><p style=\"text-align: justify;\">Il programma Simply bed \u00e8 una soluzione innovativa per trasformare un supporto ergonomico in un vero e proprio letto, unendo la ricerca tecnologica e l&#8217;ergonomia proprie delle reti Ergogreen a finiture esteticamente piacevoli, il tutto con un occhio di riguardo anche al portafoglio.<\/p>\n<p style=\"text-align: justify;\">\u00c8 infatti sufficiente scegliere la rete pi\u00f9 adatta alle proprie esigenze, rivestirla come si preferisce cos\u00ec da creare il sommier che meglio risponde al proprio gusto e quindi applicare una testata coordinata et voil\u00e0, il letto \u00e8 fatto.<\/p>\n<\/div><\/div><\/div><div class=\"fusion-clearfix\"><\/div><\/div><\/div><div class=\"fusion-layout-column fusion_builder_column_inner fusion-builder-nested-column-3 fusion_builder_column_inner_1_2 1_2 fusion-one-half fusion-column-last\" style=\"--awb-bg-size:cover;width:50%;width:calc(50% - ( ( 4% ) * 0.5 ) );\"><div class=\"fusion-column-wrapper fusion-column-has-shadow fusion-flex-column-wrapper-legacy\"><div class=\"fusion-column-content-centered\"><div class=\"fusion-column-content\"><div class=\"fusion-image-element fusion-image-align-center in-legacy-container\" style=\"text-align:center;--awb-caption-title-font-family:var(--h2_typography-font-family);--awb-caption-title-font-weight:var(--h2_typography-font-weight);--awb-caption-title-font-style:var(--h2_typography-font-style);--awb-caption-title-size:var(--h2_typography-font-size);--awb-caption-title-transform:var(--h2_typography-text-transform);--awb-caption-title-line-height:var(--h2_typography-line-height);--awb-caption-title-letter-spacing:var(--h2_typography-letter-spacing);\"><div class=\"imageframe-align-center\"><span class=\" fusion-imageframe imageframe-none imageframe-2 hover-type-none\" class=\"image-magnify\" class=\"image-scroll\"><img decoding=\"async\" width=\"900\" height=\"551\" title=\"RetiPhoto2\" src=\"https:\/\/matratzenland-suedtirol.com\/it\/wp-content\/uploads\/2019\/09\/RetiPhoto2.jpg\" data-orig-src=\"https:\/\/matratzenland-suedtirol.com\/it\/wp-content\/uploads\/2019\/09\/RetiPhoto2.jpg\" alt class=\"lazyload img-responsive wp-image-1608\" srcset=\"data:image\/svg+xml,%3Csvg%20xmlns%3D%27http%3A%2F%2Fwww.w3.org%2F2000%2Fsvg%27%20width%3D%27900%27%20height%3D%27551%27%20viewBox%3D%270%200%20900%20551%27%3E%3Crect%20width%3D%27900%27%20height%3D%27551%27%20fill-opacity%3D%220%22%2F%3E%3C%2Fsvg%3E\" data-srcset=\"https:\/\/matratzenland-suedtirol.com\/it\/wp-content\/uploads\/2019\/09\/RetiPhoto2-200x122.jpg 200w, https:\/\/matratzenland-suedtirol.com\/it\/wp-content\/uploads\/2019\/09\/RetiPhoto2-400x245.jpg 400w, https:\/\/matratzenland-suedtirol.com\/it\/wp-content\/uploads\/2019\/09\/RetiPhoto2-600x367.jpg 600w, https:\/\/matratzenland-suedtirol.com\/it\/wp-content\/uploads\/2019\/09\/RetiPhoto2-800x490.jpg 800w, https:\/\/matratzenland-suedtirol.com\/it\/wp-content\/uploads\/2019\/09\/RetiPhoto2.jpg 900w\" data-sizes=\"auto\" data-orig-sizes=\"(max-width: 1050px) 100vw, 600px\" \/><\/span><\/div><\/div><\/div><\/div><div class=\"fusion-clearfix\"><\/div><\/div><\/div><\/div><div class=\"fusion-clearfix\"><\/div><\/div><\/div><\/div><\/div><div class=\"fusion-fullwidth fullwidth-box fusion-builder-row-4 hundred-percent-fullwidth non-hundred-percent-height-scrolling fusion-equal-height-columns\" style=\"--awb-background-position:left top;--awb-border-sizes-top:0px;--awb-border-sizes-bottom:0px;--awb-border-sizes-left:0px;--awb-border-sizes-right:0px;--awb-border-color:#3e3e3e;--awb-border-radius-top-left:0px;--awb-border-radius-top-right:0px;--awb-border-radius-bottom-right:0px;--awb-border-radius-bottom-left:0px;--awb-padding-right:0px;--awb-padding-bottom:0px;--awb-padding-left:0px;--awb-margin-bottom:0px;\" ><div class=\"fusion-builder-row fusion-row\"><div class=\"fusion-layout-column fusion_builder_column fusion-builder-column-9 fusion_builder_column_1_1 1_1 fusion-one-full fusion-column-first fusion-column-last\" style=\"--awb-padding-right:10%;--awb-padding-left:10%;--awb-bg-size:cover;--awb-margin-top:0px;--awb-margin-bottom:0px;\"><div class=\"fusion-column-wrapper fusion-column-has-shadow fusion-flex-column-wrapper-legacy\"><div class=\"fusion-sep-clear\"><\/div><div class=\"fusion-separator fusion-has-icon\" style=\"margin-left: auto;margin-right: auto;margin-top:30px;margin-bottom:20px;width:100%;max-width:200px;\"><div class=\"fusion-separator-border sep-single sep-solid\" style=\"--awb-height:20px;--awb-amount:20px;--awb-sep-color:#a98a72;border-color:#a98a72;border-top-width:1px;\"><\/div><span class=\"icon-wrapper\" style=\"border-color:transparent;font-size:18px;width: 1.75em; height: 1.75em;border-width:1px;padding:1px;margin-top:-0.5px\"><i class=\"fa-pagelines fab\" style=\"font-size: inherit;color:#a98a72;\" aria-hidden=\"true\"><\/i><\/span><div class=\"fusion-separator-border sep-single sep-solid\" style=\"--awb-height:20px;--awb-amount:20px;--awb-sep-color:#a98a72;border-color:#a98a72;border-top-width:1px;\"><\/div><\/div><div class=\"fusion-sep-clear\"><\/div><div class=\"fusion-builder-row fusion-builder-row-inner fusion-row\"><div class=\"fusion-layout-column fusion_builder_column_inner fusion-builder-nested-column-4 fusion_builder_column_inner_1_4 1_4 fusion-one-fourth fusion-column-first\" style=\"--awb-bg-size:cover;width:25%;width:calc(25% - ( ( 4% + 4% + 4% ) * 0.25 ) );margin-right: 4%;\"><div class=\"fusion-column-wrapper fusion-column-has-shadow fusion-flex-column-wrapper-legacy\"><div class=\"fusion-image-element fusion-image-align-center in-legacy-container\" style=\"text-align:center;--awb-caption-title-font-family:var(--h2_typography-font-family);--awb-caption-title-font-weight:var(--h2_typography-font-weight);--awb-caption-title-font-style:var(--h2_typography-font-style);--awb-caption-title-size:var(--h2_typography-font-size);--awb-caption-title-transform:var(--h2_typography-text-transform);--awb-caption-title-line-height:var(--h2_typography-line-height);--awb-caption-title-letter-spacing:var(--h2_typography-letter-spacing);\"><div class=\"imageframe-align-center\"><span class=\" fusion-imageframe imageframe-none imageframe-3 hover-type-zoomin\" class=\"image-magnify\" class=\"image-scroll\"><img decoding=\"async\" width=\"500\" height=\"500\" title=\"ErgogreenDetail4\" src=\"https:\/\/matratzenland-suedtirol.com\/it\/wp-content\/uploads\/2019\/09\/ErgogreenDetail4.png\" data-orig-src=\"https:\/\/matratzenland-suedtirol.com\/it\/wp-content\/uploads\/2019\/09\/ErgogreenDetail4.png\" alt class=\"lazyload img-responsive wp-image-1720\" srcset=\"data:image\/svg+xml,%3Csvg%20xmlns%3D%27http%3A%2F%2Fwww.w3.org%2F2000%2Fsvg%27%20width%3D%27500%27%20height%3D%27500%27%20viewBox%3D%270%200%20500%20500%27%3E%3Crect%20width%3D%27500%27%20height%3D%27500%27%20fill-opacity%3D%220%22%2F%3E%3C%2Fsvg%3E\" data-srcset=\"https:\/\/matratzenland-suedtirol.com\/it\/wp-content\/uploads\/2019\/09\/ErgogreenDetail4-200x200.png 200w, https:\/\/matratzenland-suedtirol.com\/it\/wp-content\/uploads\/2019\/09\/ErgogreenDetail4-400x400.png 400w, https:\/\/matratzenland-suedtirol.com\/it\/wp-content\/uploads\/2019\/09\/ErgogreenDetail4.png 500w\" data-sizes=\"auto\" data-orig-sizes=\"(max-width: 1050px) 100vw, 400px\" \/><\/span><\/div><\/div><div class=\"fusion-clearfix\"><\/div><\/div><\/div><div class=\"fusion-layout-column fusion_builder_column_inner fusion-builder-nested-column-5 fusion_builder_column_inner_1_4 1_4 fusion-one-fourth\" style=\"--awb-bg-size:cover;width:25%;width:calc(25% - ( ( 4% + 4% + 4% ) * 0.25 ) );margin-right: 4%;\"><div class=\"fusion-column-wrapper fusion-column-has-shadow fusion-flex-column-wrapper-legacy\"><div class=\"fusion-image-element fusion-image-align-center in-legacy-container\" style=\"text-align:center;--awb-caption-title-font-family:var(--h2_typography-font-family);--awb-caption-title-font-weight:var(--h2_typography-font-weight);--awb-caption-title-font-style:var(--h2_typography-font-style);--awb-caption-title-size:var(--h2_typography-font-size);--awb-caption-title-transform:var(--h2_typography-text-transform);--awb-caption-title-line-height:var(--h2_typography-line-height);--awb-caption-title-letter-spacing:var(--h2_typography-letter-spacing);\"><div class=\"imageframe-align-center\"><span class=\" fusion-imageframe imageframe-none imageframe-4 hover-type-zoomin\" class=\"image-magnify\" class=\"image-scroll\"><img decoding=\"async\" width=\"500\" height=\"500\" title=\"ErgogreenDetail1\" src=\"https:\/\/matratzenland-suedtirol.com\/it\/wp-content\/uploads\/2019\/09\/ErgogreenDetail1.png\" data-orig-src=\"https:\/\/matratzenland-suedtirol.com\/it\/wp-content\/uploads\/2019\/09\/ErgogreenDetail1.png\" alt class=\"lazyload img-responsive wp-image-1719\" srcset=\"data:image\/svg+xml,%3Csvg%20xmlns%3D%27http%3A%2F%2Fwww.w3.org%2F2000%2Fsvg%27%20width%3D%27500%27%20height%3D%27500%27%20viewBox%3D%270%200%20500%20500%27%3E%3Crect%20width%3D%27500%27%20height%3D%27500%27%20fill-opacity%3D%220%22%2F%3E%3C%2Fsvg%3E\" data-srcset=\"https:\/\/matratzenland-suedtirol.com\/it\/wp-content\/uploads\/2019\/09\/ErgogreenDetail1-200x200.png 200w, https:\/\/matratzenland-suedtirol.com\/it\/wp-content\/uploads\/2019\/09\/ErgogreenDetail1-400x400.png 400w, https:\/\/matratzenland-suedtirol.com\/it\/wp-content\/uploads\/2019\/09\/ErgogreenDetail1.png 500w\" data-sizes=\"auto\" data-orig-sizes=\"(max-width: 1050px) 100vw, 400px\" \/><\/span><\/div><\/div><div class=\"fusion-clearfix\"><\/div><\/div><\/div><div class=\"fusion-layout-column fusion_builder_column_inner fusion-builder-nested-column-6 fusion_builder_column_inner_1_4 1_4 fusion-one-fourth\" style=\"--awb-bg-size:cover;width:25%;width:calc(25% - ( ( 4% + 4% + 4% ) * 0.25 ) );margin-right: 4%;\"><div class=\"fusion-column-wrapper fusion-column-has-shadow fusion-flex-column-wrapper-legacy\"><div class=\"fusion-image-element fusion-image-align-center in-legacy-container\" style=\"text-align:center;--awb-caption-title-font-family:var(--h2_typography-font-family);--awb-caption-title-font-weight:var(--h2_typography-font-weight);--awb-caption-title-font-style:var(--h2_typography-font-style);--awb-caption-title-size:var(--h2_typography-font-size);--awb-caption-title-transform:var(--h2_typography-text-transform);--awb-caption-title-line-height:var(--h2_typography-line-height);--awb-caption-title-letter-spacing:var(--h2_typography-letter-spacing);\"><div class=\"imageframe-align-center\"><span class=\" fusion-imageframe imageframe-none imageframe-5 hover-type-zoomin\" class=\"image-magnify\" class=\"image-scroll\"><img decoding=\"async\" width=\"500\" height=\"500\" title=\"ErgogreenDetail3\" src=\"https:\/\/matratzenland-suedtirol.com\/it\/wp-content\/uploads\/2019\/09\/ErgogreenDetail3.png\" data-orig-src=\"https:\/\/matratzenland-suedtirol.com\/it\/wp-content\/uploads\/2019\/09\/ErgogreenDetail3.png\" alt class=\"lazyload img-responsive wp-image-1721\" srcset=\"data:image\/svg+xml,%3Csvg%20xmlns%3D%27http%3A%2F%2Fwww.w3.org%2F2000%2Fsvg%27%20width%3D%27500%27%20height%3D%27500%27%20viewBox%3D%270%200%20500%20500%27%3E%3Crect%20width%3D%27500%27%20height%3D%27500%27%20fill-opacity%3D%220%22%2F%3E%3C%2Fsvg%3E\" data-srcset=\"https:\/\/matratzenland-suedtirol.com\/it\/wp-content\/uploads\/2019\/09\/ErgogreenDetail3-200x200.png 200w, https:\/\/matratzenland-suedtirol.com\/it\/wp-content\/uploads\/2019\/09\/ErgogreenDetail3-400x400.png 400w, https:\/\/matratzenland-suedtirol.com\/it\/wp-content\/uploads\/2019\/09\/ErgogreenDetail3.png 500w\" data-sizes=\"auto\" data-orig-sizes=\"(max-width: 1050px) 100vw, 400px\" \/><\/span><\/div><\/div><div class=\"fusion-clearfix\"><\/div><\/div><\/div><div class=\"fusion-layout-column fusion_builder_column_inner fusion-builder-nested-column-7 fusion_builder_column_inner_1_4 1_4 fusion-one-fourth fusion-column-last\" style=\"--awb-bg-size:cover;width:25%;width:calc(25% - ( ( 4% + 4% + 4% ) * 0.25 ) );\"><div class=\"fusion-column-wrapper fusion-column-has-shadow fusion-flex-column-wrapper-legacy\"><div class=\"fusion-image-element fusion-image-align-center in-legacy-container\" style=\"text-align:center;--awb-caption-title-font-family:var(--h2_typography-font-family);--awb-caption-title-font-weight:var(--h2_typography-font-weight);--awb-caption-title-font-style:var(--h2_typography-font-style);--awb-caption-title-size:var(--h2_typography-font-size);--awb-caption-title-transform:var(--h2_typography-text-transform);--awb-caption-title-line-height:var(--h2_typography-line-height);--awb-caption-title-letter-spacing:var(--h2_typography-letter-spacing);\"><div class=\"imageframe-align-center\"><span class=\" fusion-imageframe imageframe-none imageframe-6 hover-type-zoomin\" class=\"image-magnify\" class=\"image-scroll\"><img decoding=\"async\" width=\"500\" height=\"500\" title=\"ErgogreenDetail2\" src=\"https:\/\/matratzenland-suedtirol.com\/it\/wp-content\/uploads\/2019\/09\/ErgogreenDetail2.png\" data-orig-src=\"https:\/\/matratzenland-suedtirol.com\/it\/wp-content\/uploads\/2019\/09\/ErgogreenDetail2.png\" alt class=\"lazyload img-responsive wp-image-1722\" srcset=\"data:image\/svg+xml,%3Csvg%20xmlns%3D%27http%3A%2F%2Fwww.w3.org%2F2000%2Fsvg%27%20width%3D%27500%27%20height%3D%27500%27%20viewBox%3D%270%200%20500%20500%27%3E%3Crect%20width%3D%27500%27%20height%3D%27500%27%20fill-opacity%3D%220%22%2F%3E%3C%2Fsvg%3E\" data-srcset=\"https:\/\/matratzenland-suedtirol.com\/it\/wp-content\/uploads\/2019\/09\/ErgogreenDetail2-200x200.png 200w, https:\/\/matratzenland-suedtirol.com\/it\/wp-content\/uploads\/2019\/09\/ErgogreenDetail2-400x400.png 400w, https:\/\/matratzenland-suedtirol.com\/it\/wp-content\/uploads\/2019\/09\/ErgogreenDetail2.png 500w\" data-sizes=\"auto\" data-orig-sizes=\"(max-width: 1050px) 100vw, 400px\" \/><\/span><\/div><\/div><div class=\"fusion-clearfix\"><\/div><\/div><\/div><\/div><div class=\"fusion-sep-clear\"><\/div><div class=\"fusion-separator fusion-has-icon\" style=\"margin-left: auto;margin-right: auto;margin-top:30px;margin-bottom:20px;width:100%;max-width:200px;\"><div class=\"fusion-separator-border sep-single sep-solid\" style=\"--awb-height:20px;--awb-amount:20px;--awb-sep-color:#a98a72;border-color:#a98a72;border-top-width:1px;\"><\/div><span class=\"icon-wrapper\" style=\"border-color:transparent;font-size:18px;width: 1.75em; height: 1.75em;border-width:1px;padding:1px;margin-top:-0.5px\"><i class=\"fa-pagelines fab\" style=\"font-size: inherit;color:#a98a72;\" aria-hidden=\"true\"><\/i><\/span><div class=\"fusion-separator-border sep-single sep-solid\" style=\"--awb-height:20px;--awb-amount:20px;--awb-sep-color:#a98a72;border-color:#a98a72;border-top-width:1px;\"><\/div><\/div><div class=\"fusion-sep-clear\"><\/div><div class=\"fusion-clearfix\"><\/div><\/div><\/div><\/div><\/div><div class=\"fusion-fullwidth fullwidth-box fusion-builder-row-5 hundred-percent-fullwidth non-hundred-percent-height-scrolling\" style=\"--awb-border-sizes-top:0px;--awb-border-sizes-bottom:0px;--awb-border-sizes-left:0px;--awb-border-sizes-right:0px;--awb-border-radius-top-left:0px;--awb-border-radius-top-right:0px;--awb-border-radius-bottom-right:0px;--awb-border-radius-bottom-left:0px;--awb-padding-right:0px;--awb-padding-left:0px;\" ><div class=\"fusion-builder-row fusion-row\"><div class=\"fusion-layout-column fusion_builder_column fusion-builder-column-10 fusion_builder_column_1_1 1_1 fusion-one-full fusion-column-first fusion-column-last\" style=\"--awb-padding-top:15px;--awb-bg-size:cover;--awb-margin-top:0px;\"><div class=\"fusion-column-wrapper fusion-column-has-shadow fusion-flex-column-wrapper-legacy\"><div class=\"fusion-aligncenter\"><a class=\"fusion-button button-flat button-medium button-custom fusion-button-default button-8 fusion-button-default-span fusion-button-default-type\" style=\"--button_accent_color:rgba(255,255,255,0.95);--button_accent_hover_color:#a18272;--button_border_hover_color:#a18272;--button_border_width-top:1px;--button_border_width-right:1px;--button_border_width-bottom:1px;--button_border_width-left:1px;--button_gradient_top_color:rgba(185,175,161,0);--button_gradient_bottom_color:rgba(185,175,161,0);--button_gradient_top_color_hover:rgba(51,167,185,0);--button_gradient_bottom_color_hover:rgba(51,167,185,0);\" target=\"_self\"><i class=\"fa-angle-double-right fas button-icon-left\" aria-hidden=\"true\"><\/i><span class=\"fusion-button-text\">Prodotti<\/span><\/a><\/div><div class=\"fusion-sep-clear\"><\/div><div class=\"fusion-separator fusion-full-width-sep\" style=\"margin-left: auto;margin-right: auto;margin-top:30px;width:100%;\"><div class=\"fusion-separator-border sep-single\" style=\"--awb-height:20px;--awb-amount:20px;border-color:#3e3e3e;border-top-width:0px;\"><\/div><\/div><div class=\"fusion-sep-clear\"><\/div><div class=\"awb-gallery-wrapper awb-gallery-wrapper-1 button-span-no\"><div style=\"margin:-2px;--awb-bordersize:0px;\" class=\"fusion-gallery fusion-gallery-container fusion-grid-3 fusion-columns-total-6 fusion-gallery-layout-masonry fusion-gallery-1\"><div class=\"fusion-grid-column fusion-gallery-column fusion-gallery-column-3 hover-type-zoomin fusion-grid-sizer\"><\/div><div style=\"padding:2px;\" class=\"fusion-grid-column fusion-gallery-column fusion-gallery-column-3 hover-type-zoomin fusion-element-grid\"><div class=\"fusion-gallery-image\"><a href=\"https:\/\/matratzenland-suedtirol.com\/it\/wp-content\/uploads\/2019\/09\/Ale.jpg\" data-title=\"Ale\" title=\"Ale\" rel=\"noreferrer\" data-rel=\"iLightbox[gallery_image_1]\" class=\"fusion-lightbox\" target=\"_self\"><div style=\"padding-top:calc((100% + 4px) * 0.8 - 2px);background-position:;\" class=\"fusion-masonry-element-container lazyload\" data-bg=\"https:\/\/matratzenland-suedtirol.com\/it\/wp-content\/uploads\/2019\/09\/Ale.jpg\"><img decoding=\"async\" src=\"https:\/\/matratzenland-suedtirol.com\/it\/wp-content\/uploads\/2019\/09\/Ale.jpg\" data-orig-src=\"https:\/\/matratzenland-suedtirol.com\/it\/wp-content\/uploads\/2019\/09\/Ale.jpg\" width=\"1200\" height=\"758\" alt=\"\" title=\"Ale\" aria-label=\"Ale\" class=\"lazyload img-responsive wp-image-1706\" srcset=\"data:image\/svg+xml,%3Csvg%20xmlns%3D%27http%3A%2F%2Fwww.w3.org%2F2000%2Fsvg%27%20width%3D%271200%27%20height%3D%27758%27%20viewBox%3D%270%200%201200%20758%27%3E%3Crect%20width%3D%271200%27%20height%3D%27758%27%20fill-opacity%3D%220%22%2F%3E%3C%2Fsvg%3E\" data-srcset=\"https:\/\/matratzenland-suedtirol.com\/it\/wp-content\/uploads\/2019\/09\/Ale-200x126.jpg 200w, https:\/\/matratzenland-suedtirol.com\/it\/wp-content\/uploads\/2019\/09\/Ale-400x253.jpg 400w, https:\/\/matratzenland-suedtirol.com\/it\/wp-content\/uploads\/2019\/09\/Ale-600x379.jpg 600w, https:\/\/matratzenland-suedtirol.com\/it\/wp-content\/uploads\/2019\/09\/Ale-800x505.jpg 800w, https:\/\/matratzenland-suedtirol.com\/it\/wp-content\/uploads\/2019\/09\/Ale.jpg 1200w\" data-sizes=\"auto\" data-orig-sizes=\"(min-width: 2200px) 100vw, (min-width: 784px) 389px, (min-width: 712px) 583px, (min-width: 640px) 712px, \" \/><\/div><\/a><\/div><\/div><div style=\"padding:2px;\" class=\"fusion-grid-column fusion-gallery-column fusion-gallery-column-3 hover-type-zoomin fusion-element-grid\"><div class=\"fusion-gallery-image\"><a href=\"https:\/\/matratzenland-suedtirol.com\/it\/wp-content\/uploads\/2019\/09\/Isa.jpg\" data-title=\"Isa\" title=\"Isa\" rel=\"noreferrer\" data-rel=\"iLightbox[gallery_image_1]\" class=\"fusion-lightbox\" target=\"_self\"><div style=\"padding-top:calc((100% + 4px) * 0.8 - 2px);background-position:;\" class=\"fusion-masonry-element-container lazyload\" data-bg=\"https:\/\/matratzenland-suedtirol.com\/it\/wp-content\/uploads\/2019\/09\/Isa.jpg\"><img decoding=\"async\" src=\"https:\/\/matratzenland-suedtirol.com\/it\/wp-content\/uploads\/2019\/09\/Isa.jpg\" data-orig-src=\"https:\/\/matratzenland-suedtirol.com\/it\/wp-content\/uploads\/2019\/09\/Isa.jpg\" width=\"1200\" height=\"758\" alt=\"\" title=\"Isa\" aria-label=\"Isa\" class=\"lazyload img-responsive wp-image-1707\" srcset=\"data:image\/svg+xml,%3Csvg%20xmlns%3D%27http%3A%2F%2Fwww.w3.org%2F2000%2Fsvg%27%20width%3D%271200%27%20height%3D%27758%27%20viewBox%3D%270%200%201200%20758%27%3E%3Crect%20width%3D%271200%27%20height%3D%27758%27%20fill-opacity%3D%220%22%2F%3E%3C%2Fsvg%3E\" data-srcset=\"https:\/\/matratzenland-suedtirol.com\/it\/wp-content\/uploads\/2019\/09\/Isa-200x126.jpg 200w, https:\/\/matratzenland-suedtirol.com\/it\/wp-content\/uploads\/2019\/09\/Isa-400x253.jpg 400w, https:\/\/matratzenland-suedtirol.com\/it\/wp-content\/uploads\/2019\/09\/Isa-600x379.jpg 600w, https:\/\/matratzenland-suedtirol.com\/it\/wp-content\/uploads\/2019\/09\/Isa-800x505.jpg 800w, https:\/\/matratzenland-suedtirol.com\/it\/wp-content\/uploads\/2019\/09\/Isa.jpg 1200w\" data-sizes=\"auto\" data-orig-sizes=\"(min-width: 2200px) 100vw, (min-width: 784px) 389px, (min-width: 712px) 583px, (min-width: 640px) 712px, \" \/><\/div><\/a><\/div><\/div><div style=\"padding:2px;\" class=\"fusion-grid-column fusion-gallery-column fusion-gallery-column-3 hover-type-zoomin fusion-element-grid\"><div class=\"fusion-gallery-image\"><a href=\"https:\/\/matratzenland-suedtirol.com\/it\/wp-content\/uploads\/2019\/09\/Sommier-Tessile.jpg\" data-title=\"Sommier-Tessile\" title=\"Sommier-Tessile\" rel=\"noreferrer\" data-rel=\"iLightbox[gallery_image_1]\" class=\"fusion-lightbox\" target=\"_self\"><div style=\"padding-top:calc((100% + 4px) * 0.8 - 2px);background-position:;\" class=\"fusion-masonry-element-container lazyload\" data-bg=\"https:\/\/matratzenland-suedtirol.com\/it\/wp-content\/uploads\/2019\/09\/Sommier-Tessile.jpg\"><img decoding=\"async\" src=\"https:\/\/matratzenland-suedtirol.com\/it\/wp-content\/uploads\/2019\/09\/Sommier-Tessile.jpg\" data-orig-src=\"https:\/\/matratzenland-suedtirol.com\/it\/wp-content\/uploads\/2019\/09\/Sommier-Tessile.jpg\" width=\"1200\" height=\"758\" alt=\"\" title=\"Sommier-Tessile\" aria-label=\"Sommier-Tessile\" class=\"lazyload img-responsive wp-image-1711\" srcset=\"data:image\/svg+xml,%3Csvg%20xmlns%3D%27http%3A%2F%2Fwww.w3.org%2F2000%2Fsvg%27%20width%3D%271200%27%20height%3D%27758%27%20viewBox%3D%270%200%201200%20758%27%3E%3Crect%20width%3D%271200%27%20height%3D%27758%27%20fill-opacity%3D%220%22%2F%3E%3C%2Fsvg%3E\" data-srcset=\"https:\/\/matratzenland-suedtirol.com\/it\/wp-content\/uploads\/2019\/09\/Sommier-Tessile-200x126.jpg 200w, https:\/\/matratzenland-suedtirol.com\/it\/wp-content\/uploads\/2019\/09\/Sommier-Tessile-400x253.jpg 400w, https:\/\/matratzenland-suedtirol.com\/it\/wp-content\/uploads\/2019\/09\/Sommier-Tessile-600x379.jpg 600w, https:\/\/matratzenland-suedtirol.com\/it\/wp-content\/uploads\/2019\/09\/Sommier-Tessile-800x505.jpg 800w, https:\/\/matratzenland-suedtirol.com\/it\/wp-content\/uploads\/2019\/09\/Sommier-Tessile.jpg 1200w\" data-sizes=\"auto\" data-orig-sizes=\"(min-width: 2200px) 100vw, (min-width: 784px) 389px, (min-width: 712px) 583px, (min-width: 640px) 712px, \" \/><\/div><\/a><\/div><\/div><div style=\"padding:2px;\" class=\"fusion-grid-column fusion-gallery-column fusion-gallery-column-3 hover-type-zoomin fusion-element-grid\"><div class=\"fusion-gallery-image\"><a href=\"https:\/\/matratzenland-suedtirol.com\/it\/wp-content\/uploads\/2019\/09\/Sommier-Legno.jpg\" data-title=\"Sommier-Legno\" title=\"Sommier-Legno\" rel=\"noreferrer\" data-rel=\"iLightbox[gallery_image_1]\" class=\"fusion-lightbox\" target=\"_self\"><div style=\"padding-top:calc((100% + 4px) * 0.8 - 2px);background-position:;\" class=\"fusion-masonry-element-container lazyload\" data-bg=\"https:\/\/matratzenland-suedtirol.com\/it\/wp-content\/uploads\/2019\/09\/Sommier-Legno.jpg\"><img decoding=\"async\" src=\"https:\/\/matratzenland-suedtirol.com\/it\/wp-content\/uploads\/2019\/09\/Sommier-Legno.jpg\" data-orig-src=\"https:\/\/matratzenland-suedtirol.com\/it\/wp-content\/uploads\/2019\/09\/Sommier-Legno.jpg\" width=\"1200\" height=\"758\" alt=\"\" title=\"Sommier-Legno\" aria-label=\"Sommier-Legno\" class=\"lazyload img-responsive wp-image-1710\" srcset=\"data:image\/svg+xml,%3Csvg%20xmlns%3D%27http%3A%2F%2Fwww.w3.org%2F2000%2Fsvg%27%20width%3D%271200%27%20height%3D%27758%27%20viewBox%3D%270%200%201200%20758%27%3E%3Crect%20width%3D%271200%27%20height%3D%27758%27%20fill-opacity%3D%220%22%2F%3E%3C%2Fsvg%3E\" data-srcset=\"https:\/\/matratzenland-suedtirol.com\/it\/wp-content\/uploads\/2019\/09\/Sommier-Legno-200x126.jpg 200w, https:\/\/matratzenland-suedtirol.com\/it\/wp-content\/uploads\/2019\/09\/Sommier-Legno-400x253.jpg 400w, https:\/\/matratzenland-suedtirol.com\/it\/wp-content\/uploads\/2019\/09\/Sommier-Legno-600x379.jpg 600w, https:\/\/matratzenland-suedtirol.com\/it\/wp-content\/uploads\/2019\/09\/Sommier-Legno-800x505.jpg 800w, https:\/\/matratzenland-suedtirol.com\/it\/wp-content\/uploads\/2019\/09\/Sommier-Legno.jpg 1200w\" data-sizes=\"auto\" data-orig-sizes=\"(min-width: 2200px) 100vw, (min-width: 784px) 389px, (min-width: 712px) 583px, (min-width: 640px) 712px, \" \/><\/div><\/a><\/div><\/div><div style=\"padding:2px;\" class=\"fusion-grid-column fusion-gallery-column fusion-gallery-column-3 hover-type-zoomin fusion-element-grid\"><div class=\"fusion-gallery-image\"><a href=\"https:\/\/matratzenland-suedtirol.com\/it\/wp-content\/uploads\/2019\/09\/Niky-Legno.jpg\" data-title=\"Niky-Legno\" title=\"Niky-Legno\" rel=\"noreferrer\" data-rel=\"iLightbox[gallery_image_1]\" class=\"fusion-lightbox\" target=\"_self\"><div style=\"padding-top:calc((100% + 4px) * 0.8 - 2px);background-position:;\" class=\"fusion-masonry-element-container lazyload\" data-bg=\"https:\/\/matratzenland-suedtirol.com\/it\/wp-content\/uploads\/2019\/09\/Niky-Legno.jpg\"><img decoding=\"async\" src=\"https:\/\/matratzenland-suedtirol.com\/it\/wp-content\/uploads\/2019\/09\/Niky-Legno.jpg\" data-orig-src=\"https:\/\/matratzenland-suedtirol.com\/it\/wp-content\/uploads\/2019\/09\/Niky-Legno.jpg\" width=\"1200\" height=\"758\" alt=\"\" title=\"Niky-Legno\" aria-label=\"Niky-Legno\" class=\"lazyload img-responsive wp-image-1709\" srcset=\"data:image\/svg+xml,%3Csvg%20xmlns%3D%27http%3A%2F%2Fwww.w3.org%2F2000%2Fsvg%27%20width%3D%271200%27%20height%3D%27758%27%20viewBox%3D%270%200%201200%20758%27%3E%3Crect%20width%3D%271200%27%20height%3D%27758%27%20fill-opacity%3D%220%22%2F%3E%3C%2Fsvg%3E\" data-srcset=\"https:\/\/matratzenland-suedtirol.com\/it\/wp-content\/uploads\/2019\/09\/Niky-Legno-200x126.jpg 200w, https:\/\/matratzenland-suedtirol.com\/it\/wp-content\/uploads\/2019\/09\/Niky-Legno-400x253.jpg 400w, https:\/\/matratzenland-suedtirol.com\/it\/wp-content\/uploads\/2019\/09\/Niky-Legno-600x379.jpg 600w, https:\/\/matratzenland-suedtirol.com\/it\/wp-content\/uploads\/2019\/09\/Niky-Legno-800x505.jpg 800w, https:\/\/matratzenland-suedtirol.com\/it\/wp-content\/uploads\/2019\/09\/Niky-Legno.jpg 1200w\" data-sizes=\"auto\" data-orig-sizes=\"(min-width: 2200px) 100vw, (min-width: 784px) 389px, (min-width: 712px) 583px, (min-width: 640px) 712px, \" \/><\/div><\/a><\/div><\/div><div style=\"padding:2px;\" class=\"fusion-grid-column fusion-gallery-column fusion-gallery-column-3 hover-type-zoomin fusion-element-grid\"><div class=\"fusion-gallery-image\"><a href=\"https:\/\/matratzenland-suedtirol.com\/it\/wp-content\/uploads\/2019\/09\/Jessie.jpg\" data-title=\"Jessie\" title=\"Jessie\" rel=\"noreferrer\" data-rel=\"iLightbox[gallery_image_1]\" class=\"fusion-lightbox\" target=\"_self\"><div style=\"padding-top:calc((100% + 4px) * 0.8 - 2px);background-position:;\" class=\"fusion-masonry-element-container lazyload\" data-bg=\"https:\/\/matratzenland-suedtirol.com\/it\/wp-content\/uploads\/2019\/09\/Jessie.jpg\"><img decoding=\"async\" src=\"https:\/\/matratzenland-suedtirol.com\/it\/wp-content\/uploads\/2019\/09\/Jessie.jpg\" data-orig-src=\"https:\/\/matratzenland-suedtirol.com\/it\/wp-content\/uploads\/2019\/09\/Jessie.jpg\" width=\"1200\" height=\"758\" alt=\"\" title=\"Jessie\" aria-label=\"Jessie\" class=\"lazyload img-responsive wp-image-1708\" srcset=\"data:image\/svg+xml,%3Csvg%20xmlns%3D%27http%3A%2F%2Fwww.w3.org%2F2000%2Fsvg%27%20width%3D%271200%27%20height%3D%27758%27%20viewBox%3D%270%200%201200%20758%27%3E%3Crect%20width%3D%271200%27%20height%3D%27758%27%20fill-opacity%3D%220%22%2F%3E%3C%2Fsvg%3E\" data-srcset=\"https:\/\/matratzenland-suedtirol.com\/it\/wp-content\/uploads\/2019\/09\/Jessie-200x126.jpg 200w, https:\/\/matratzenland-suedtirol.com\/it\/wp-content\/uploads\/2019\/09\/Jessie-400x253.jpg 400w, https:\/\/matratzenland-suedtirol.com\/it\/wp-content\/uploads\/2019\/09\/Jessie-600x379.jpg 600w, https:\/\/matratzenland-suedtirol.com\/it\/wp-content\/uploads\/2019\/09\/Jessie-800x505.jpg 800w, https:\/\/matratzenland-suedtirol.com\/it\/wp-content\/uploads\/2019\/09\/Jessie.jpg 1200w\" data-sizes=\"auto\" data-orig-sizes=\"(min-width: 2200px) 100vw, (min-width: 784px) 389px, (min-width: 712px) 583px, (min-width: 640px) 712px, \" \/><\/div><\/a><\/div><\/div><\/div><\/div><div class=\"fusion-clearfix\"><\/div><\/div><\/div><\/div><\/div><div class=\"fusion-fullwidth fullwidth-box fusion-builder-row-6 nonhundred-percent-fullwidth non-hundred-percent-height-scrolling\" style=\"--awb-border-radius-top-left:0px;--awb-border-radius-top-right:0px;--awb-border-radius-bottom-right:0px;--awb-border-radius-bottom-left:0px;--awb-padding-top:0px;--awb-padding-bottom:0px;--awb-margin-top:0px;--awb-margin-bottom:-100px;\" ><div class=\"fusion-builder-row fusion-row\"><div class=\"fusion-layout-column fusion_builder_column fusion-builder-column-11 fusion_builder_column_1_1 1_1 fusion-one-full fusion-column-first fusion-column-last\" style=\"--awb-bg-size:cover;\"><div class=\"fusion-column-wrapper fusion-column-has-shadow fusion-flex-column-wrapper-legacy\"><div class=\"fusion-sep-clear\"><\/div><div class=\"fusion-separator fusion-has-icon\" style=\"margin-left: auto;margin-right: auto;margin-top:30px;margin-bottom:20px;width:100%;max-width:200px;\"><div class=\"fusion-separator-border sep-single sep-solid\" style=\"--awb-height:20px;--awb-amount:20px;--awb-sep-color:#a98a72;border-color:#a98a72;border-top-width:1px;\"><\/div><span class=\"icon-wrapper\" style=\"border-color:transparent;font-size:18px;width: 1.75em; height: 1.75em;border-width:1px;padding:1px;margin-top:-0.5px\"><i class=\"fa-pagelines fab\" style=\"font-size: inherit;color:#a98a72;\" aria-hidden=\"true\"><\/i><\/span><div class=\"fusion-separator-border sep-single sep-solid\" style=\"--awb-height:20px;--awb-amount:20px;--awb-sep-color:#a98a72;border-color:#a98a72;border-top-width:1px;\"><\/div><\/div><div class=\"fusion-sep-clear\"><\/div><div class=\"fusion-image-element fusion-image-align-center in-legacy-container\" style=\"text-align:center;--awb-caption-title-font-family:var(--h2_typography-font-family);--awb-caption-title-font-weight:var(--h2_typography-font-weight);--awb-caption-title-font-style:var(--h2_typography-font-style);--awb-caption-title-size:var(--h2_typography-font-size);--awb-caption-title-transform:var(--h2_typography-text-transform);--awb-caption-title-line-height:var(--h2_typography-line-height);--awb-caption-title-letter-spacing:var(--h2_typography-letter-spacing);\"><div class=\"imageframe-align-center\"><span class=\" fusion-imageframe imageframe-none imageframe-7 hover-type-none\" class=\"image-magnify\" class=\"image-scroll\"><img decoding=\"async\" width=\"300\" height=\"91\" title=\"LogoBrand_Artboard 1 copy 6\" src=\"https:\/\/matratzenland-suedtirol.com\/it\/wp-content\/uploads\/2019\/09\/LogoBrand_Artboard-1-copy-6.png\" data-orig-src=\"https:\/\/matratzenland-suedtirol.com\/it\/wp-content\/uploads\/2019\/09\/LogoBrand_Artboard-1-copy-6-300x91.png\" alt class=\"lazyload img-responsive wp-image-1513\" srcset=\"data:image\/svg+xml,%3Csvg%20xmlns%3D%27http%3A%2F%2Fwww.w3.org%2F2000%2Fsvg%27%20width%3D%27401%27%20height%3D%27121%27%20viewBox%3D%270%200%20401%20121%27%3E%3Crect%20width%3D%27401%27%20height%3D%27121%27%20fill-opacity%3D%220%22%2F%3E%3C%2Fsvg%3E\" data-srcset=\"https:\/\/matratzenland-suedtirol.com\/it\/wp-content\/uploads\/2019\/09\/LogoBrand_Artboard-1-copy-6-200x60.png 200w, https:\/\/matratzenland-suedtirol.com\/it\/wp-content\/uploads\/2019\/09\/LogoBrand_Artboard-1-copy-6-400x121.png 400w, https:\/\/matratzenland-suedtirol.com\/it\/wp-content\/uploads\/2019\/09\/LogoBrand_Artboard-1-copy-6.png 401w\" data-sizes=\"auto\" data-orig-sizes=\"(max-width: 1050px) 100vw, 300px\" \/><\/span><\/div><\/div><div class=\"fusion-clearfix\"><\/div><\/div><\/div><\/div><\/div><\/p>\n","protected":false},"excerpt":{"rendered":"","protected":false},"author":1,"featured_media":0,"parent":0,"menu_order":0,"comment_status":"closed","ping_status":"closed","template":"100-width.php","meta":{"inline_featured_image":false,"footnotes":""},"_links":{"self":[{"href":"https:\/\/matratzenland-suedtirol.com\/it\/wp-json\/wp\/v2\/pages\/1024"}],"collection":[{"href":"https:\/\/matratzenland-suedtirol.com\/it\/wp-json\/wp\/v2\/pages"}],"about":[{"href":"https:\/\/matratzenland-suedtirol.com\/it\/wp-json\/wp\/v2\/types\/page"}],"author":[{"embeddable":true,"href":"https:\/\/matratzenland-suedtirol.com\/it\/wp-json\/wp\/v2\/users\/1"}],"replies":[{"embeddable":true,"href":"https:\/\/matratzenland-suedtirol.com\/it\/wp-json\/wp\/v2\/comments?post=1024"}],"version-history":[{"count":6,"href":"https:\/\/matratzenland-suedtirol.com\/it\/wp-json\/wp\/v2\/pages\/1024\/revisions"}],"predecessor-version":[{"id":3406,"href":"https:\/\/matratzenland-suedtirol.com\/it\/wp-json\/wp\/v2\/pages\/1024\/revisions\/3406"}],"wp:attachment":[{"href":"https:\/\/matratzenland-suedtirol.com\/it\/wp-json\/wp\/v2\/media?parent=1024"}],"curies":[{"name":"wp","href":"https:\/\/api.w.org\/{rel}","templated":true}]}}