{"id":2428,"date":"2020-01-31T23:57:49","date_gmt":"2020-01-31T22:57:49","guid":{"rendered":"https:\/\/matratzenland-suedtirol.com\/?post_type=avada_portfolio&#038;p=2428"},"modified":"2020-01-31T23:57:49","modified_gmt":"2020-01-31T22:57:49","slug":"classico-standard","status":"publish","type":"avada_portfolio","link":"https:\/\/matratzenland-suedtirol.com\/it\/products\/classico-standard\/","title":{"rendered":"Classico Standard"},"content":{"rendered":"<p><div class=\"fusion-fullwidth fullwidth-box fusion-builder-row-1 fusion-parallax-none hundred-percent-fullwidth non-hundred-percent-height-scrolling fusion-equal-height-columns fusion-no-small-visibility fusion-no-medium-visibility lazyload\" style=\"--awb-border-radius-top-left:0px;--awb-border-radius-top-right:0px;--awb-border-radius-bottom-right:0px;--awb-border-radius-bottom-left:0px;--awb-padding-top:100px;--awb-padding-right:5%;--awb-padding-bottom:70px;--awb-padding-left:5%;--awb-background-color:#5c5b5c;--awb-background-size:cover;--awb-border-sizes-top:0px;--awb-border-sizes-bottom:0px;\" data-bg=\"https:\/\/matratzenland-suedtirol.com\/it\/wp-content\/uploads\/2019\/09\/PillowMemory1.jpg\" ><div class=\"fusion-builder-row fusion-row\"><div class=\"fusion-layout-column fusion_builder_column fusion-builder-column-0 fusion_builder_column_1_1 1_1 fusion-one-full fusion-column-first fusion-column-last\" style=\"--awb-bg-size:cover;--awb-margin-top:0px;--awb-margin-bottom:0px;\"><div class=\"fusion-column-wrapper fusion-flex-column-wrapper-legacy\"><div class=\"fusion-column-content-centered\"><div class=\"fusion-column-content\"><div class=\"fusion-text fusion-text-1\"><h2 style=\"text-align: center;\"><span style=\"color: #ffffff;\">Classico Standard<\/span><\/h2>\n<\/div><\/div><\/div><div class=\"fusion-clearfix\"><\/div><\/div><\/div><\/div><\/div><div class=\"fusion-fullwidth fullwidth-box fusion-builder-row-2 fusion-parallax-none hundred-percent-fullwidth non-hundred-percent-height-scrolling fusion-equal-height-columns fusion-no-large-visibility lazyload\" style=\"--awb-border-radius-top-left:0px;--awb-border-radius-top-right:0px;--awb-border-radius-bottom-right:0px;--awb-border-radius-bottom-left:0px;--awb-padding-top:80px;--awb-padding-right:5%;--awb-padding-bottom:80px;--awb-padding-left:5%;--awb-background-color:#5c5b5c;--awb-background-size:cover;--awb-border-sizes-top:0px;--awb-border-sizes-bottom:0px;\" data-bg=\"https:\/\/matratzenland-suedtirol.com\/it\/wp-content\/uploads\/2019\/09\/PillowMemory1.jpg\" ><div class=\"fusion-builder-row fusion-row\"><div class=\"fusion-layout-column fusion_builder_column fusion-builder-column-1 fusion_builder_column_1_1 1_1 fusion-one-full fusion-column-first fusion-column-last\" style=\"--awb-bg-size:cover;--awb-margin-top:0px;--awb-margin-bottom:0px;\"><div class=\"fusion-column-wrapper fusion-flex-column-wrapper-legacy\"><div class=\"fusion-column-content-centered\"><div class=\"fusion-column-content\"><div class=\"fusion-text fusion-text-2\"><h2 style=\"text-align: center;\"><span style=\"color: #ffffff;\">Classico Standard<\/span><\/h2>\n<\/div><div class=\"fusion-sep-clear\"><\/div><div class=\"fusion-separator fusion-full-width-sep\" style=\"margin-left: auto;margin-right: auto;margin-top:10px;width:100%;\"><\/div><div class=\"fusion-sep-clear\"><\/div><\/div><\/div><div class=\"fusion-clearfix\"><\/div><\/div><\/div><\/div><\/div><div class=\"fusion-fullwidth fullwidth-box fusion-builder-row-3 hundred-percent-fullwidth non-hundred-percent-height-scrolling fusion-equal-height-columns\" style=\"--awb-background-position:left top;--awb-border-radius-top-left:0px;--awb-border-radius-top-right:0px;--awb-border-radius-bottom-right:0px;--awb-border-radius-bottom-left:0px;--awb-padding-top:0px;--awb-padding-right:0px;--awb-padding-bottom:0px;--awb-padding-left:0px;--awb-border-sizes-top:0px;--awb-border-sizes-bottom:0px;\" ><div class=\"fusion-builder-row fusion-row\"><div class=\"fusion-layout-column fusion_builder_column fusion-builder-column-2 fusion_builder_column_1_1 1_1 fusion-one-full fusion-column-first fusion-column-last\" style=\"--awb-padding-top:80px;--awb-padding-right:10%;--awb-padding-bottom:70px;--awb-padding-left:10%;--awb-bg-size:cover;--awb-margin-top:0px;--awb-margin-bottom:0px;\"><div class=\"fusion-column-wrapper fusion-flex-column-wrapper-legacy\"><div class=\"fusion-text fusion-text-3\"><h3 style=\"text-align: center;\">Caratteristiche principali<\/h3>\n<\/div><div class=\"fusion-sep-clear\"><\/div><div class=\"fusion-separator fusion-has-icon\" style=\"margin-left: auto;margin-right: auto;width:100%;max-width:200px;\"><div class=\"fusion-separator-border sep-single sep-solid\" style=\"--awb-height:20px;--awb-amount:20px;--awb-sep-color:#a98a72;border-color:#a98a72;border-top-width:1px;\"><\/div><span class=\"icon-wrapper\" style=\"border-color:transparent;font-size:18px;width: 1.75em; height: 1.75em;border-width:1px;padding:1px;margin-top:-0.5px\"><i class=\"fa-pagelines fab\" style=\"font-size: inherit;color:#a98a72;\" aria-hidden=\"true\"><\/i><\/span><div class=\"fusion-separator-border sep-single sep-solid\" style=\"--awb-height:20px;--awb-amount:20px;--awb-sep-color:#a98a72;border-color:#a98a72;border-top-width:1px;\"><\/div><\/div><div class=\"fusion-sep-clear\"><\/div><div class=\"fusion-clearfix\"><\/div><\/div><\/div><\/div><\/div><div class=\"fusion-fullwidth fullwidth-box fusion-builder-row-4 nonhundred-percent-fullwidth non-hundred-percent-height-scrolling fusion-equal-height-columns\" style=\"--awb-background-position:left top;--awb-border-radius-top-left:0px;--awb-border-radius-top-right:0px;--awb-border-radius-bottom-right:0px;--awb-border-radius-bottom-left:0px;--awb-padding-top:0px;--awb-padding-right:0px;--awb-padding-bottom:0px;--awb-padding-left:0px;--awb-margin-top:-50px;--awb-border-sizes-top:0px;--awb-border-sizes-bottom:0px;\" ><div class=\"fusion-builder-row fusion-row\"><div class=\"fusion-layout-column fusion_builder_column fusion-builder-column-3 fusion_builder_column_1_2 1_2 fusion-one-half fusion-column-first fusion-animated\" style=\"--awb-padding-right:3%;--awb-padding-left:3%;--awb-bg-position:center center;--awb-bg-size:cover;--awb-margin-top:0px;--awb-margin-bottom:0px;\" data-animationType=\"fadeInLeft\" data-animationDuration=\"0.6\" data-animationOffset=\"top-into-view\"><div class=\"fusion-column-wrapper fusion-column-has-shadow fusion-flex-column-wrapper-legacy\"><div class=\"fusion-column-content-centered\"><div class=\"fusion-column-content\"><div class=\"fusion-image-element fusion-image-align-center in-legacy-container\" style=\"text-align:center;--awb-caption-title-font-family:var(--h2_typography-font-family);--awb-caption-title-font-weight:var(--h2_typography-font-weight);--awb-caption-title-font-style:var(--h2_typography-font-style);--awb-caption-title-size:var(--h2_typography-font-size);--awb-caption-title-transform:var(--h2_typography-text-transform);--awb-caption-title-line-height:var(--h2_typography-line-height);--awb-caption-title-letter-spacing:var(--h2_typography-letter-spacing);\"><div class=\"imageframe-align-center\"><span class=\" fusion-imageframe imageframe-none imageframe-1 hover-type-none\" class=\"image-magnify\" class=\"image-scroll\"><img decoding=\"async\" width=\"1000\" height=\"691\" title=\"Classico-2\" src=\"https:\/\/matratzenland-suedtirol.com\/it\/wp-content\/uploads\/2020\/01\/Classico-2.png\" data-orig-src=\"https:\/\/matratzenland-suedtirol.com\/it\/wp-content\/uploads\/2020\/01\/Classico-2.png\" alt class=\"lazyload img-responsive wp-image-2429\" srcset=\"data:image\/svg+xml,%3Csvg%20xmlns%3D%27http%3A%2F%2Fwww.w3.org%2F2000%2Fsvg%27%20width%3D%271000%27%20height%3D%27691%27%20viewBox%3D%270%200%201000%20691%27%3E%3Crect%20width%3D%271000%27%20height%3D%27691%27%20fill-opacity%3D%220%22%2F%3E%3C%2Fsvg%3E\" data-srcset=\"https:\/\/matratzenland-suedtirol.com\/it\/wp-content\/uploads\/2020\/01\/Classico-2-200x138.png 200w, https:\/\/matratzenland-suedtirol.com\/it\/wp-content\/uploads\/2020\/01\/Classico-2-400x276.png 400w, https:\/\/matratzenland-suedtirol.com\/it\/wp-content\/uploads\/2020\/01\/Classico-2-600x415.png 600w, https:\/\/matratzenland-suedtirol.com\/it\/wp-content\/uploads\/2020\/01\/Classico-2-800x553.png 800w, https:\/\/matratzenland-suedtirol.com\/it\/wp-content\/uploads\/2020\/01\/Classico-2.png 1000w\" data-sizes=\"auto\" data-orig-sizes=\"(max-width: 1050px) 100vw, 600px\" \/><\/span><\/div><\/div><\/div><\/div><div class=\"fusion-clearfix\"><\/div><\/div><\/div><div class=\"fusion-layout-column fusion_builder_column fusion-builder-column-4 fusion_builder_column_1_2 1_2 fusion-one-half fusion-column-last\" style=\"--awb-padding-top:30px;--awb-padding-right:5%;--awb-padding-left:5%;--awb-bg-size:cover;--awb-margin-top:0px;--awb-margin-bottom:0px;\"><div class=\"fusion-column-wrapper fusion-column-has-shadow fusion-flex-column-wrapper-legacy\"><div class=\"fusion-column-content-centered\"><div class=\"fusion-column-content\"><div class=\"fusion-text fusion-text-4\"><div class=\"page\" title=\"Page 1\">\n<div class=\"layoutArea\">\n<div class=\"column\">\n<p>Classico Standard, della linea Classico, \u00e8 un guanciale con sagoma tradizionale. L&#8217;interno in Memoform con lavorazione traspirante, garantisce la circolazione dell&#8217;aria a ogni movimento e sorregge collo e spalle per un relax da sogno.<\/p>\n<p><strong>Rivestimento<\/strong><br \/>Il rivestimento in viscosa, morbidissima e setosa al tatto, ha un&#8217;eccellente capacit\u00e0 di dissipare il sudore favorendo la traspirazione del guanciale. In pi\u00f9 \u00e8 facilmente sfoderabile e lavabile.<\/p>\n<p><strong>Telino igienico<\/strong><br \/>Protegge la lastra interna aumentando il livello di igiene del guanciale.<\/p>\n<p><strong>Interno<\/strong><br \/>L&#8217;interno in Memoform \u00e8 studiato per reagire al peso di collo, testa e spalle offrendo una piacevole sensazione di leggerezza durante il riposo.<\/p>\n<p><strong>Lavorazione<\/strong><br \/>La lavorazione traspirante conferisce una perfetta traspirabilit\u00e0 e un&#8217;ottimale dispersione di umidit\u00e0 e calore, grazie ai fori presenti al centro del guanciale.<\/p>\n<\/div>\n<\/div>\n<\/div>\n<\/div><\/div><\/div><div class=\"fusion-clearfix\"><\/div><\/div><\/div><\/div><\/div><div class=\"fusion-fullwidth fullwidth-box fusion-builder-row-5 nonhundred-percent-fullwidth non-hundred-percent-height-scrolling\" style=\"--awb-border-radius-top-left:0px;--awb-border-radius-top-right:0px;--awb-border-radius-bottom-right:0px;--awb-border-radius-bottom-left:0px;--awb-margin-bottom:-20px;\" ><div class=\"fusion-builder-row fusion-row\"><div class=\"fusion-layout-column fusion_builder_column fusion-builder-column-5 fusion_builder_column_1_1 1_1 fusion-one-full fusion-column-first fusion-column-last\" style=\"--awb-bg-size:cover;\"><div class=\"fusion-column-wrapper fusion-column-has-shadow fusion-flex-column-wrapper-legacy\"><div class=\"fusion-sep-clear\"><\/div><div class=\"fusion-separator fusion-has-icon\" style=\"margin-left: auto;margin-right: auto;margin-bottom:20px;width:100%;max-width:200px;\"><div class=\"fusion-separator-border sep-single sep-solid\" style=\"--awb-height:20px;--awb-amount:20px;--awb-sep-color:#a98a72;border-color:#a98a72;border-top-width:1px;\"><\/div><span class=\"icon-wrapper\" style=\"border-color:transparent;font-size:18px;width: 1.75em; height: 1.75em;border-width:1px;padding:1px;margin-top:-0.5px\"><i class=\"fa-pagelines fab\" style=\"font-size: inherit;color:#a98a72;\" aria-hidden=\"true\"><\/i><\/span><div class=\"fusion-separator-border sep-single sep-solid\" style=\"--awb-height:20px;--awb-amount:20px;--awb-sep-color:#a98a72;border-color:#a98a72;border-top-width:1px;\"><\/div><\/div><div class=\"fusion-sep-clear\"><\/div><div class=\"fusion-image-element fusion-image-align-center in-legacy-container\" style=\"text-align:center;--awb-caption-title-font-family:var(--h2_typography-font-family);--awb-caption-title-font-weight:var(--h2_typography-font-weight);--awb-caption-title-font-style:var(--h2_typography-font-style);--awb-caption-title-size:var(--h2_typography-font-size);--awb-caption-title-transform:var(--h2_typography-text-transform);--awb-caption-title-line-height:var(--h2_typography-line-height);--awb-caption-title-letter-spacing:var(--h2_typography-letter-spacing);\"><div class=\"imageframe-align-center\"><span class=\" fusion-imageframe imageframe-none imageframe-2 hover-type-none\" class=\"image-magnify\" class=\"image-scroll\"><img decoding=\"async\" width=\"401\" height=\"121\" title=\"LogoBrand_Artboard 1\" src=\"https:\/\/matratzenland-suedtirol.com\/it\/wp-content\/uploads\/2020\/01\/LogoBrand_Artboard-1.png\" data-orig-src=\"https:\/\/matratzenland-suedtirol.com\/it\/wp-content\/uploads\/2020\/01\/LogoBrand_Artboard-1.png\" alt class=\"lazyload img-responsive wp-image-2391\" srcset=\"data:image\/svg+xml,%3Csvg%20xmlns%3D%27http%3A%2F%2Fwww.w3.org%2F2000%2Fsvg%27%20width%3D%27401%27%20height%3D%27121%27%20viewBox%3D%270%200%20401%20121%27%3E%3Crect%20width%3D%27401%27%20height%3D%27121%27%20fill-opacity%3D%220%22%2F%3E%3C%2Fsvg%3E\" data-srcset=\"https:\/\/matratzenland-suedtirol.com\/it\/wp-content\/uploads\/2020\/01\/LogoBrand_Artboard-1-200x60.png 200w, https:\/\/matratzenland-suedtirol.com\/it\/wp-content\/uploads\/2020\/01\/LogoBrand_Artboard-1-400x121.png 400w, https:\/\/matratzenland-suedtirol.com\/it\/wp-content\/uploads\/2020\/01\/LogoBrand_Artboard-1.png 401w\" data-sizes=\"auto\" data-orig-sizes=\"(max-width: 1050px) 100vw, 401px\" \/><\/span><\/div><\/div><div class=\"fusion-clearfix\"><\/div><\/div><\/div><\/div><\/div><div class=\"fusion-fullwidth fullwidth-box fusion-builder-row-6 nonhundred-percent-fullwidth non-hundred-percent-height-scrolling\" style=\"--awb-border-radius-top-left:0px;--awb-border-radius-top-right:0px;--awb-border-radius-bottom-right:0px;--awb-border-radius-bottom-left:0px;--awb-margin-bottom:-30px;--awb-background-color:#242424;\" ><div class=\"fusion-builder-row fusion-row\"><div class=\"fusion-layout-column fusion_builder_column fusion-builder-column-6 fusion_builder_column_1_4 1_4 fusion-one-fourth fusion-column-first\" style=\"--awb-bg-size:cover;width:25%;width:calc(25% - ( ( 4% + 4% + 4% ) * 0.25 ) );margin-right: 4%;\"><div class=\"fusion-column-wrapper fusion-column-has-shadow fusion-flex-column-wrapper-legacy\"><div class=\"fusion-column-content-centered\"><div class=\"fusion-column-content\"><\/div><\/div><div class=\"fusion-clearfix\"><\/div><\/div><\/div><div class=\"fusion-layout-column fusion_builder_column fusion-builder-column-7 fusion_builder_column_1_4 1_4 fusion-one-fourth\" style=\"--awb-bg-size:cover;width:25%;width:calc(25% - ( ( 4% + 4% + 4% ) * 0.25 ) );margin-right: 4%;\"><div class=\"fusion-column-wrapper fusion-column-has-shadow fusion-flex-column-wrapper-legacy\"><div class=\"fusion-column-content-centered\"><div class=\"fusion-column-content\"><div class=\"fusion-title title fusion-title-1 fusion-sep-none fusion-title-center fusion-title-text fusion-title-size-three\"><h3 class=\"title-heading-center fusion-responsive-typography-calculated\" style=\"margin:0;--fontSize:36;line-height:1.25;\"><p style=\"text-align: center;\"><strong>Altri cuscini<\/strong><\/p><\/h3><\/div><\/div><\/div><div class=\"fusion-clearfix\"><\/div><\/div><\/div><div class=\"fusion-layout-column fusion_builder_column fusion-builder-column-8 fusion_builder_column_1_4 1_4 fusion-one-fourth\" style=\"--awb-bg-size:cover;width:25%;width:calc(25% - ( ( 4% + 4% + 4% ) * 0.25 ) );margin-right: 4%;\"><div class=\"fusion-column-wrapper fusion-column-has-shadow fusion-flex-column-wrapper-legacy\"><div class=\"fusion-column-content-centered\"><div class=\"fusion-column-content\"><div class=\"fusion-aligncenter\"><a class=\"fusion-button button-flat fusion-button-default-size button-custom fusion-button-default button-1 fusion-button-default-span fusion-button-default-type\" style=\"--button_accent_color:#ffffff;--button_accent_hover_color:#ffffff;--button_border_hover_color:#ffffff;--button_gradient_top_color:#aa8b72;--button_gradient_bottom_color:#aa8b72;--button_gradient_top_color_hover:#795f46;--button_gradient_bottom_color_hover:#795f46;\" target=\"_self\" href=\"https:\/\/matratzenland-suedtirol.com\/it\/cuscini\/\"><i class=\"fa-angle-double-right fas button-icon-left\" aria-hidden=\"true\"><\/i><span class=\"fusion-button-text\">Tutti cuscini<\/span><\/a><\/div><\/div><\/div><div class=\"fusion-clearfix\"><\/div><\/div><\/div><div class=\"fusion-layout-column fusion_builder_column fusion-builder-column-9 fusion_builder_column_1_4 1_4 fusion-one-fourth fusion-column-last\" style=\"--awb-bg-size:cover;width:25%;width:calc(25% - ( ( 4% + 4% + 4% ) * 0.25 ) );\"><div class=\"fusion-column-wrapper fusion-column-has-shadow fusion-flex-column-wrapper-legacy\"><div class=\"fusion-column-content-centered\"><div class=\"fusion-column-content\"><\/div><\/div><div class=\"fusion-clearfix\"><\/div><\/div><\/div><\/div><\/div><div class=\"fusion-fullwidth fullwidth-box fusion-builder-row-7 hundred-percent-fullwidth non-hundred-percent-height-scrolling fusion-equal-height-columns\" style=\"--awb-border-radius-top-left:0px;--awb-border-radius-top-right:0px;--awb-border-radius-bottom-right:0px;--awb-border-radius-bottom-left:0px;--awb-padding-right:-10px;--awb-padding-left:-10px;--awb-margin-top:-20px;--awb-margin-bottom:-40px;--awb-background-color:rgba(36,36,36,0);\" ><div class=\"fusion-builder-row fusion-row\"><div class=\"fusion-layout-column fusion_builder_column fusion-builder-column-10 fusion_builder_column_1_1 1_1 fusion-one-full fusion-column-first fusion-column-last\" style=\"--awb-bg-size:cover;\"><div class=\"fusion-column-wrapper fusion-column-has-shadow fusion-flex-column-wrapper-legacy\"><style type=\"text\/css\">.fusion-portfolio-wrapper#fusion-portfolio-1 .fusion-portfolio-content{  text-align: center; }<\/style><div class=\"fusion-recent-works fusion-portfolio-element fusion-portfolio fusion-portfolio-1 fusion-portfolio-grid fusion-portfolio-paging-none fusion-portfolio-four fusion-portfolio-unboxed fusion-portfolio-text fusion-portfolio-rollover\" data-id=\"-rw-1\" data-columns=\"four\"><style type=\"text\/css\">.fusion-portfolio-1 .fusion-portfolio-wrapper .fusion-col-spacing{padding:4px;}<\/style><div class=\"fusion-portfolio-wrapper\" id=\"fusion-portfolio-1\" data-picturesize=\"auto\" data-pages=\"4\" style=\"margin:-4px;\"><article id=\"portfolio-1-post-3605\" class=\"fusion-portfolio-post cuscini fusion-col-spacing post-3605\"><div class=\"fusion-portfolio-content-wrapper\" style=\"border:none;\"><span class=\"vcard rich-snippet-hidden\"><span class=\"fn\"><a href=\"https:\/\/matratzenland-suedtirol.com\/it\/author\/materassi\/\" title=\"Articoli scritti da materassi\" rel=\"author\">materassi<\/a><\/span><\/span><span class=\"updated rich-snippet-hidden\">2026-02-23T23:27:32+01:00<\/span><div  class=\"fusion-image-wrapper\" aria-haspopup=\"true\">\n\t\t\t\t<img decoding=\"async\" width=\"1000\" height=\"1000\" src=\"https:\/\/matratzenland-suedtirol.com\/it\/wp-content\/uploads\/2026\/02\/Dinamico-Featured.jpg\" class=\"attachment-full size-full lazyload wp-post-image\" alt=\"\" srcset=\"data:image\/svg+xml,%3Csvg%20xmlns%3D%27http%3A%2F%2Fwww.w3.org%2F2000%2Fsvg%27%20width%3D%271000%27%20height%3D%271000%27%20viewBox%3D%270%200%201000%201000%27%3E%3Crect%20width%3D%271000%27%20height%3D%271000%27%20fill-opacity%3D%220%22%2F%3E%3C%2Fsvg%3E\" data-orig-src=\"https:\/\/matratzenland-suedtirol.com\/it\/wp-content\/uploads\/2026\/02\/Dinamico-Featured.jpg\" data-srcset=\"https:\/\/matratzenland-suedtirol.com\/it\/wp-content\/uploads\/2026\/02\/Dinamico-Featured-200x200.jpg 200w, https:\/\/matratzenland-suedtirol.com\/it\/wp-content\/uploads\/2026\/02\/Dinamico-Featured-400x400.jpg 400w, https:\/\/matratzenland-suedtirol.com\/it\/wp-content\/uploads\/2026\/02\/Dinamico-Featured-600x600.jpg 600w, https:\/\/matratzenland-suedtirol.com\/it\/wp-content\/uploads\/2026\/02\/Dinamico-Featured-800x800.jpg 800w, https:\/\/matratzenland-suedtirol.com\/it\/wp-content\/uploads\/2026\/02\/Dinamico-Featured.jpg 1000w\" data-sizes=\"auto\" \/><div class=\"fusion-rollover\">\n\t<div class=\"fusion-rollover-content\">\n\n\t\t\t\t\n\t\t\n\t\t\t\t\t\t\t\t\t\t\t\t<h4 class=\"fusion-rollover-title\">\n\t\t\t\t\t<a class=\"fusion-rollover-title-link\" href=\"https:\/\/matratzenland-suedtirol.com\/it\/products\/dinamico\/?portfolioCats=16\">\n\t\t\t\t\t\tDinamico\t\t\t\t\t<\/a>\n\t\t\t\t<\/h4>\n\t\t\t\n\t\t\t\t\t\t\t\t\t\t<div class=\"fusion-rollover-categories\"><a href=\"https:\/\/matratzenland-suedtirol.com\/it\/categoria_portfolio\/cuscini\/\" rel=\"tag\">Cuscini<\/a><\/div>\t\t\t\t\t\n\t\t\n\t\t\t\t\t\t<a class=\"fusion-link-wrapper\" href=\"https:\/\/matratzenland-suedtirol.com\/it\/products\/dinamico\/?portfolioCats=16\" aria-label=\"Dinamico\"><\/a>\n\t<\/div>\n<\/div>\n<\/div>\n<div class=\"fusion-portfolio-content\"><div class=\"fusion-post-content\"><\/div><\/div><\/div><\/article><article id=\"portfolio-1-post-3450\" class=\"fusion-portfolio-post cuscini fusion-col-spacing post-3450\"><div class=\"fusion-portfolio-content-wrapper\" style=\"border:none;\"><span class=\"vcard rich-snippet-hidden\"><span class=\"fn\"><a href=\"https:\/\/matratzenland-suedtirol.com\/it\/author\/materassi\/\" title=\"Articoli scritti da materassi\" rel=\"author\">materassi<\/a><\/span><\/span><span class=\"updated rich-snippet-hidden\">2025-09-05T14:41:16+02:00<\/span><div  class=\"fusion-image-wrapper\" aria-haspopup=\"true\">\n\t\t\t\t<img decoding=\"async\" width=\"1000\" height=\"1000\" src=\"https:\/\/matratzenland-suedtirol.com\/it\/wp-content\/uploads\/2025\/09\/Comfort-Air-Featured.jpg\" class=\"attachment-full size-full lazyload wp-post-image\" alt=\"\" srcset=\"data:image\/svg+xml,%3Csvg%20xmlns%3D%27http%3A%2F%2Fwww.w3.org%2F2000%2Fsvg%27%20width%3D%271000%27%20height%3D%271000%27%20viewBox%3D%270%200%201000%201000%27%3E%3Crect%20width%3D%271000%27%20height%3D%271000%27%20fill-opacity%3D%220%22%2F%3E%3C%2Fsvg%3E\" data-orig-src=\"https:\/\/matratzenland-suedtirol.com\/it\/wp-content\/uploads\/2025\/09\/Comfort-Air-Featured.jpg\" data-srcset=\"https:\/\/matratzenland-suedtirol.com\/it\/wp-content\/uploads\/2025\/09\/Comfort-Air-Featured-200x200.jpg 200w, https:\/\/matratzenland-suedtirol.com\/it\/wp-content\/uploads\/2025\/09\/Comfort-Air-Featured-400x400.jpg 400w, https:\/\/matratzenland-suedtirol.com\/it\/wp-content\/uploads\/2025\/09\/Comfort-Air-Featured-600x600.jpg 600w, https:\/\/matratzenland-suedtirol.com\/it\/wp-content\/uploads\/2025\/09\/Comfort-Air-Featured-800x800.jpg 800w, https:\/\/matratzenland-suedtirol.com\/it\/wp-content\/uploads\/2025\/09\/Comfort-Air-Featured.jpg 1000w\" data-sizes=\"auto\" \/><div class=\"fusion-rollover\">\n\t<div class=\"fusion-rollover-content\">\n\n\t\t\t\t\n\t\t\n\t\t\t\t\t\t\t\t\t\t\t\t<h4 class=\"fusion-rollover-title\">\n\t\t\t\t\t<a class=\"fusion-rollover-title-link\" href=\"https:\/\/matratzenland-suedtirol.com\/it\/products\/comfort-air\/?portfolioCats=16\">\n\t\t\t\t\t\tComfort Air\t\t\t\t\t<\/a>\n\t\t\t\t<\/h4>\n\t\t\t\n\t\t\t\t\t\t\t\t\t\t<div class=\"fusion-rollover-categories\"><a href=\"https:\/\/matratzenland-suedtirol.com\/it\/categoria_portfolio\/cuscini\/\" rel=\"tag\">Cuscini<\/a><\/div>\t\t\t\t\t\n\t\t\n\t\t\t\t\t\t<a class=\"fusion-link-wrapper\" href=\"https:\/\/matratzenland-suedtirol.com\/it\/products\/comfort-air\/?portfolioCats=16\" aria-label=\"Comfort Air\"><\/a>\n\t<\/div>\n<\/div>\n<\/div>\n<div class=\"fusion-portfolio-content\"><div class=\"fusion-post-content\"><\/div><\/div><\/div><\/article><article id=\"portfolio-1-post-3445\" class=\"fusion-portfolio-post cuscini fusion-col-spacing post-3445\"><div class=\"fusion-portfolio-content-wrapper\" style=\"border:none;\"><span class=\"vcard rich-snippet-hidden\"><span class=\"fn\"><a href=\"https:\/\/matratzenland-suedtirol.com\/it\/author\/materassi\/\" title=\"Articoli scritti da materassi\" rel=\"author\">materassi<\/a><\/span><\/span><span class=\"updated rich-snippet-hidden\">2025-09-05T14:39:17+02:00<\/span><div  class=\"fusion-image-wrapper\" aria-haspopup=\"true\">\n\t\t\t\t<img decoding=\"async\" width=\"1000\" height=\"1000\" src=\"https:\/\/matratzenland-suedtirol.com\/it\/wp-content\/uploads\/2025\/09\/Dual-Comfort-Mix-Featured.jpg\" class=\"attachment-full size-full lazyload wp-post-image\" alt=\"\" srcset=\"data:image\/svg+xml,%3Csvg%20xmlns%3D%27http%3A%2F%2Fwww.w3.org%2F2000%2Fsvg%27%20width%3D%271000%27%20height%3D%271000%27%20viewBox%3D%270%200%201000%201000%27%3E%3Crect%20width%3D%271000%27%20height%3D%271000%27%20fill-opacity%3D%220%22%2F%3E%3C%2Fsvg%3E\" data-orig-src=\"https:\/\/matratzenland-suedtirol.com\/it\/wp-content\/uploads\/2025\/09\/Dual-Comfort-Mix-Featured.jpg\" data-srcset=\"https:\/\/matratzenland-suedtirol.com\/it\/wp-content\/uploads\/2025\/09\/Dual-Comfort-Mix-Featured-200x200.jpg 200w, https:\/\/matratzenland-suedtirol.com\/it\/wp-content\/uploads\/2025\/09\/Dual-Comfort-Mix-Featured-400x400.jpg 400w, https:\/\/matratzenland-suedtirol.com\/it\/wp-content\/uploads\/2025\/09\/Dual-Comfort-Mix-Featured-600x600.jpg 600w, https:\/\/matratzenland-suedtirol.com\/it\/wp-content\/uploads\/2025\/09\/Dual-Comfort-Mix-Featured-800x800.jpg 800w, https:\/\/matratzenland-suedtirol.com\/it\/wp-content\/uploads\/2025\/09\/Dual-Comfort-Mix-Featured.jpg 1000w\" data-sizes=\"auto\" \/><div class=\"fusion-rollover\">\n\t<div class=\"fusion-rollover-content\">\n\n\t\t\t\t\n\t\t\n\t\t\t\t\t\t\t\t\t\t\t\t<h4 class=\"fusion-rollover-title\">\n\t\t\t\t\t<a class=\"fusion-rollover-title-link\" href=\"https:\/\/matratzenland-suedtirol.com\/it\/products\/dual-comfort-mix\/?portfolioCats=16\">\n\t\t\t\t\t\tDual Comfort Mix\t\t\t\t\t<\/a>\n\t\t\t\t<\/h4>\n\t\t\t\n\t\t\t\t\t\t\t\t\t\t<div class=\"fusion-rollover-categories\"><a href=\"https:\/\/matratzenland-suedtirol.com\/it\/categoria_portfolio\/cuscini\/\" rel=\"tag\">Cuscini<\/a><\/div>\t\t\t\t\t\n\t\t\n\t\t\t\t\t\t<a class=\"fusion-link-wrapper\" href=\"https:\/\/matratzenland-suedtirol.com\/it\/products\/dual-comfort-mix\/?portfolioCats=16\" aria-label=\"Dual Comfort Mix\"><\/a>\n\t<\/div>\n<\/div>\n<\/div>\n<div class=\"fusion-portfolio-content\"><div class=\"fusion-post-content\"><\/div><\/div><\/div><\/article><article id=\"portfolio-1-post-3435\" class=\"fusion-portfolio-post cuscini fusion-col-spacing post-3435\"><div class=\"fusion-portfolio-content-wrapper\" style=\"border:none;\"><span class=\"vcard rich-snippet-hidden\"><span class=\"fn\"><a href=\"https:\/\/matratzenland-suedtirol.com\/it\/author\/materassi\/\" title=\"Articoli scritti da materassi\" rel=\"author\">materassi<\/a><\/span><\/span><span class=\"updated rich-snippet-hidden\">2025-09-05T14:36:29+02:00<\/span><div  class=\"fusion-image-wrapper\" aria-haspopup=\"true\">\n\t\t\t\t<img decoding=\"async\" width=\"1000\" height=\"1000\" src=\"https:\/\/matratzenland-suedtirol.com\/it\/wp-content\/uploads\/2025\/09\/Air-Wash-Featured.jpg\" class=\"attachment-full size-full lazyload wp-post-image\" alt=\"\" srcset=\"data:image\/svg+xml,%3Csvg%20xmlns%3D%27http%3A%2F%2Fwww.w3.org%2F2000%2Fsvg%27%20width%3D%271000%27%20height%3D%271000%27%20viewBox%3D%270%200%201000%201000%27%3E%3Crect%20width%3D%271000%27%20height%3D%271000%27%20fill-opacity%3D%220%22%2F%3E%3C%2Fsvg%3E\" data-orig-src=\"https:\/\/matratzenland-suedtirol.com\/it\/wp-content\/uploads\/2025\/09\/Air-Wash-Featured.jpg\" data-srcset=\"https:\/\/matratzenland-suedtirol.com\/it\/wp-content\/uploads\/2025\/09\/Air-Wash-Featured-200x200.jpg 200w, https:\/\/matratzenland-suedtirol.com\/it\/wp-content\/uploads\/2025\/09\/Air-Wash-Featured-400x400.jpg 400w, https:\/\/matratzenland-suedtirol.com\/it\/wp-content\/uploads\/2025\/09\/Air-Wash-Featured-600x600.jpg 600w, https:\/\/matratzenland-suedtirol.com\/it\/wp-content\/uploads\/2025\/09\/Air-Wash-Featured-800x800.jpg 800w, https:\/\/matratzenland-suedtirol.com\/it\/wp-content\/uploads\/2025\/09\/Air-Wash-Featured.jpg 1000w\" data-sizes=\"auto\" \/><div class=\"fusion-rollover\">\n\t<div class=\"fusion-rollover-content\">\n\n\t\t\t\t\n\t\t\n\t\t\t\t\t\t\t\t\t\t\t\t<h4 class=\"fusion-rollover-title\">\n\t\t\t\t\t<a class=\"fusion-rollover-title-link\" href=\"https:\/\/matratzenland-suedtirol.com\/it\/products\/air-wash\/?portfolioCats=16\">\n\t\t\t\t\t\tAir Wash\t\t\t\t\t<\/a>\n\t\t\t\t<\/h4>\n\t\t\t\n\t\t\t\t\t\t\t\t\t\t<div class=\"fusion-rollover-categories\"><a href=\"https:\/\/matratzenland-suedtirol.com\/it\/categoria_portfolio\/cuscini\/\" rel=\"tag\">Cuscini<\/a><\/div>\t\t\t\t\t\n\t\t\n\t\t\t\t\t\t<a class=\"fusion-link-wrapper\" href=\"https:\/\/matratzenland-suedtirol.com\/it\/products\/air-wash\/?portfolioCats=16\" aria-label=\"Air Wash\"><\/a>\n\t<\/div>\n<\/div>\n<\/div>\n<div class=\"fusion-portfolio-content\"><div class=\"fusion-post-content\"><\/div><\/div><\/div><\/article><\/div><\/div><div class=\"fusion-clearfix\"><\/div><\/div><\/div><\/div><\/div><\/p>\n","protected":false},"excerpt":{"rendered":"","protected":false},"author":1,"featured_media":2430,"menu_order":0,"comment_status":"open","ping_status":"closed","template":"","format":"standard","meta":{"inline_featured_image":false},"portfolio_category":[16],"portfolio_skills":[],"portfolio_tags":[],"_links":{"self":[{"href":"https:\/\/matratzenland-suedtirol.com\/it\/wp-json\/wp\/v2\/avada_portfolio\/2428"}],"collection":[{"href":"https:\/\/matratzenland-suedtirol.com\/it\/wp-json\/wp\/v2\/avada_portfolio"}],"about":[{"href":"https:\/\/matratzenland-suedtirol.com\/it\/wp-json\/wp\/v2\/types\/avada_portfolio"}],"author":[{"embeddable":true,"href":"https:\/\/matratzenland-suedtirol.com\/it\/wp-json\/wp\/v2\/users\/1"}],"replies":[{"embeddable":true,"href":"https:\/\/matratzenland-suedtirol.com\/it\/wp-json\/wp\/v2\/comments?post=2428"}],"version-history":[{"count":1,"href":"https:\/\/matratzenland-suedtirol.com\/it\/wp-json\/wp\/v2\/avada_portfolio\/2428\/revisions"}],"predecessor-version":[{"id":2431,"href":"https:\/\/matratzenland-suedtirol.com\/it\/wp-json\/wp\/v2\/avada_portfolio\/2428\/revisions\/2431"}],"wp:featuredmedia":[{"embeddable":true,"href":"https:\/\/matratzenland-suedtirol.com\/it\/wp-json\/wp\/v2\/media\/2430"}],"wp:attachment":[{"href":"https:\/\/matratzenland-suedtirol.com\/it\/wp-json\/wp\/v2\/media?parent=2428"}],"wp:term":[{"taxonomy":"portfolio_category","embeddable":true,"href":"https:\/\/matratzenland-suedtirol.com\/it\/wp-json\/wp\/v2\/portfolio_category?post=2428"},{"taxonomy":"portfolio_skills","embeddable":true,"href":"https:\/\/matratzenland-suedtirol.com\/it\/wp-json\/wp\/v2\/portfolio_skills?post=2428"},{"taxonomy":"portfolio_tags","embeddable":true,"href":"https:\/\/matratzenland-suedtirol.com\/it\/wp-json\/wp\/v2\/portfolio_tags?post=2428"}],"curies":[{"name":"wp","href":"https:\/\/api.w.org\/{rel}","templated":true}]}}